{"id":32846,"date":"2026-08-31T15:33:18","date_gmt":"2026-08-31T13:33:18","guid":{"rendered":"https:\/\/capitularia.uni-koeln.de\/mss\/st-gallen-sb-727\/"},"modified":"2026-08-31T15:49:52","modified_gmt":"2026-08-31T13:49:52","slug":"st-gallen-sb-727","status":"publish","type":"page","link":"https:\/\/capitularia.uni-koeln.de\/en\/mss\/st-gallen-sb-727\/","title":{"rendered":"Sankt Gallen, Stiftsbibliothek, 727"},"content":{"rendered":"<div class=\"xsl-output\">\n<div class=\"tei-TEI mss-header-xsl transkription-header\">\n<div class=\"tei-fileDesc\">\n<h4 id=\"description\" class=\"tei-titleStmt\">Manuscript description according to Mordek<\/h4>\n<div class=\"tei-msDesc\">\n<div id=\"identification\">\n<div class=\"tei-msIdentifier\">\n<h5>Repository<\/h5>\n<p>Sankt Gallen<br \/>Stiftsbibliothek<br \/> 727<\/p>\n<div>\n<div class=\"tei-altIdentifier\"><u>Siglum<\/u> <span class=\"italic\">Sg3<\/span><\/div>\n<\/p><\/div>\n<\/p><\/div>\n<div class=\"tei-facsimile\">Digital image available at<br \/>\n               <a class=\"external\" href=\"http:\/\/www.e-codices.unifr.ch\/en\/csg\/0727\" title=\"e-codices\" target=\"_blank\">e-codices<\/a>\n               <\/div>\n<\/p><\/div>\n<div class=\"page-break\"><\/div>\n<div class=\"tei-history\">\n<h5 id=\"_origin\">Origin and history<\/h5>\n<div class=\"tei-origin\">\n<h6>Origin:<\/h6>\n<p>\n                   9. Jh., 3. Viertel<br \/>\n                  (Mordek, Bischoff);  Reims zur Hinkmar-Zeit (Devisse nach Bischoff).<\/p>\n<\/p><\/div>\n<div class=\"tei-provenance\">\n<h6>Provenance:<\/h6>\n<p>Marginalnotizen von Vadian (\u2020 1551 in St. Gallen); auf Veranlassung<br \/>\n                  Jean-Baptiste Colberts zusammen mit Cod. <a class=\"internal\" href=\"\/mss\/st-gallen-sb-728\" title=\"&#091;:de&#093;Zur Handschrift&#091;:en&#093;To the manuscript&#091;:&#093;\">St. Gallen 728<\/a> u. a. an \u00c9tienne Baluze<br \/>\n                  nach Paris ausgeliehen (dessen kurze Inhaltsangabe p. 1 oben) (Exzerpte aus<br \/>\n                  der Hs. finden sich in Cod. Paris, Biblioth\u00e8que Nationale, Baluze 2, fol.<br \/>\n                  253r-v). Alte St. Galler Signatur (p. 1 oben): <span class=\"tei-hi rend-italic\"><br \/>\n                     D. n 96<br \/>\n                     <\/span> (Katalog P. Kolb).<\/p>\n<\/p><\/div>\n<\/p><\/div>\n<div class=\"page-break\"><\/div>\n<div class=\"tei-physDesc\">\n<h5 id=\"_description\">Physical description<\/h5>\n<table class=\"tei-physDesc-table\">\n<tbody>\n<tr>\n<th class=\"value\">Material:<\/th>\n<td class=\"text\">\n                        Pergament\n                        <\/td>\n<\/tr>\n<tr>\n<th class=\"value\">Number:<\/th>\n<td class=\"text\">128 foll. (paginiert 1-256) <\/p>\n<\/td>\n<\/tr>\n<tr>\n<th class=\"value\">Size:<\/th>\n<td class=\"text\">310 \u00d7 210 mm<\/td>\n<\/tr>\n<tr>\n<th class=\"value\">Body text:<\/th>\n<td class=\"text\">230-235 \u00d7 140-145 mm<\/td>\n<\/tr>\n<tr>\n<th class=\"value\">Quires:<\/th>\n<td class=\"text\">\n<div>16 Quaternionen mit Kustoden <span class=\"tei-hi rend-italic\">I<\/span><br \/>\n                           bis <span class=\"tei-hi rend-italic\">XVI<\/span> am Ende der Lagen (die schwarzen<br \/>\n                           Kustoden stammen wohl von jener Hand, die auch den Text hin und wieder<br \/>\n                           korrigierte); am Schlu\u00df Blattverlust. <\/div>\n<\/td>\n<\/tr>\n<tr>\n<th class=\"value\">Lines:<\/th>\n<td class=\"text\">30-31<\/td>\n<\/tr>\n<tr>\n<th class=\"value\">Columns:<\/th>\n<td class=\"text\">1<\/td>\n<\/tr>\n<tr>\n<th class=\"value\">Script:<\/th>\n<td class=\"text\">\n                        karolingische Minuskel\n                        <\/td>\n<\/tr>\n<tr>\n<th class=\"value\">Decoration:<\/th>\n<td class=\"text\">\n<p>Rote Rubriken in Minuskel und Capitalis rustica; Initialen und Zahlen in<br \/>\n                           hellbrauner Texttinte.<\/p>\n<\/td>\n<\/tr>\n<tr>\n<th class=\"value\">Binding:<\/th>\n<td class=\"text\">\n<p>Besch\u00e4digter brauner Ledereinband um Holz (zeitgen\u00f6ssisch?) mit Schlie\u00dfe.<br \/>\n                           Alte R\u00fcckenaufschrift (quer) nur noch teilweise lesbar: <span class=\"tei-hi rend-italic\">&lt;L&gt;EGES KAROLI ET<\/span>&#8230; Rot umrandetes R\u00fcckenschild aus<br \/>\n                           Papier mit der Aufschrift (19. Jh.): <span class=\"tei-hi rend-italic\">Caroli M.<br \/>\n                              Capitularia.<\/span>\n                           <\/p>\n<\/p>\n<\/td>\n<\/tr>\n<\/tbody>\n<\/table><\/div>\n<div class=\"page-break\"><\/div>\n<div class=\"tei-msContents\">\n<h5 id=\"_content\">Contents<\/h5>\n<div class=\"tei-summary\">\n<h6>Note:<\/h6>\n<p>Der Sangallensis 727 zeigt engere Verwandtschaft mit den Codd. <a class=\"internal\" href=\"\/mss\/gotha-flb-memb-i-84\" title=\"&#091;:de&#093;Zur Handschrift&#091;:en&#093;To the manuscript&#091;:&#093;\"> Gotha Memb. I<br \/>\n                     84<\/a> (1. Teil), Vatikan Pal. Lat. 583 (beide aus<br \/>\n                  Mainz) und Vatikan Reg. Lat. 974, ferner mit<br \/>\n                  den Codd. <a class=\"internal\" href=\"\/mss\/paris-bn-lat-4634\" title=\"&#091;:de&#093;Zur Handschrift&#091;:en&#093;To the manuscript&#091;:&#093;\"><br \/>\n                     Paris Lat. 4634<\/a> und <a class=\"internal\" href=\"\/mss\/paris-bn-lat-4637\" title=\"&#091;:de&#093;Zur Handschrift&#091;:en&#093;To the manuscript&#091;:&#093;\"> Lat. 4637<\/a>.<\/p>\n<p>Die auf Bartholom\u00e4us<br \/>\n                  Schobinger zur\u00fcckgehende Papierhs. Vatikan, Biblioteca Apostolica Vaticana,<br \/>\n                  Reg. Lat. 850 (16. Jh., wohl 3. Drittel; zur St. Galler Familie Schobinger<br \/>\n                  vgl. ADB 32 [1891] S. 209 f.) hat aus alten St. Galler Manuskripten unter<br \/>\n                  anderem Leges Salica, Ribuaria, Alamannorum und die Kapitulariensammlungen<br \/>\n                  des Ansegis und Benedictus Levita \u00fcbernommen; f\u00fcr letztere d\u00fcrfte Cod. St.<br \/>\n                  Gallen 727 die Vorlage gewesen sein. <\/p>\n<\/p><\/div>\n<ul class=\"bare\">\n<li class=\"tei-msItem\">\n<p>\n                     <span class=\"rend-semibold\">1-106<\/span><br \/>\n                     <span class=\"rend-semibold\" title=\"BK\u00a0183\">Ansegisi abbatis capitularium collectio<\/span><br \/>\n                     (Klasse C, ohne den Namen Lothars), Praefatio, B\u00fccher 1-4 und Appendices 1-3<br \/>\n                     (MGH Capit. 1, S. 394 [mit Anm. a] &#8211; S. 450). <\/p>\n<\/li>\n<li class=\"tei-msItem\">\n<p>\n                     <span class=\"rend-semibold\">106-256<\/span><br \/>\n                     <span class=\"rend-semibold\" title=\"Benedictus\u00a0Levita\">Benedicti Levitae capitularium<br \/>\n                        collectio<\/span>, fragmentarische \u00dcberlieferung bis 2, 101 (MGH LL 2, 2,<br \/>\n                     S. 39-79). <\/p>\n<\/li>\n<\/ul><\/div>\n<div class=\"page-break\"><\/div>\n<div class=\"tei-listBibl tei-listBibl-not-type\">\n<h5 id=\"_bibliography\">Bibliography<\/h5>\n<div class=\"tei-listBibl tei-listBibl-lit\">\n<h6>References:<\/h6>\n<ul>\n<li class=\"tei-bibl\"><a class=\"internal bib\" href=\"\/resources\/biblio\/#Baluze_1677\" title=\"&#091;:de&#093;Zum bibliographischen Eintrag&#091;:en&#093;To the bibliographic entry&#091;:&#093;\"> Baluze 1677, Praefatio, \u00a7 LXXII (Codex<br \/>\n                        Sangallensis)<\/a><\/li>\n<li class=\"tei-bibl\"> H. Hattemer, St. Gallen\u2019s altteutsche Sprachsch\u00e4tze. Denkmahle des<br \/>\n                     Mittelalters (St. Gallen 1844) S. 390 ff.<\/li>\n<li class=\"tei-bibl\"><a class=\"internal bib\" href=\"\/resources\/biblio\/#Boretius_1897\" title=\"&#091;:de&#093;Zum bibliographischen Eintrag&#091;:en&#093;To the bibliographic entry&#091;:&#093;\"> Boretius 1897, S. XXX<\/a><\/li>\n<li class=\"tei-bibl\"><a class=\"internal bib\" href=\"\/resources\/biblio\/#Seckel_1914\" title=\"&#091;:de&#093;Zum bibliographischen Eintrag&#091;:en&#093;To the bibliographic entry&#091;:&#093;\"> Seckel 1914, S. 385<\/a><\/li>\n<li class=\"tei-bibl\"><a class=\"internal bib\" href=\"\/resources\/biblio\/#Lesne_1922\" title=\"&#091;:de&#093;Zum bibliographischen Eintrag&#091;:en&#093;To the bibliographic entry&#091;:&#093;\"> Lesne 1922, S. 752 Anm. 1<\/a><\/li>\n<li class=\"tei-bibl\"><a class=\"internal bib\" href=\"\/resources\/biblio\/#Christ_1937\" title=\"&#091;:de&#093;Zum bibliographischen Eintrag&#091;:en&#093;To the bibliographic entry&#091;:&#093;\"> Christ 1937, S. 318<\/a><\/li>\n<li class=\"tei-bibl\"><a class=\"internal bib\" href=\"\/resources\/biblio\/#Eckhardt_1959\" title=\"&#091;:de&#093;Zum bibliographischen Eintrag&#091;:en&#093;To the bibliographic entry&#091;:&#093;\"> Eckhardt 1959, S. 135 f.<\/a><\/li>\n<li class=\"tei-bibl\"><a class=\"internal bib\" href=\"\/resources\/biblio\/#Devisse_1962\" title=\"&#091;:de&#093;Zum bibliographischen Eintrag&#091;:en&#093;To the bibliographic entry&#091;:&#093;\"> Devisse 1962, S. 64 f.<\/a><\/li>\n<li class=\"tei-bibl\"><a class=\"internal bib\" href=\"\/resources\/biblio\/#Dolezalek_1972\" title=\"&#091;:de&#093;Zum bibliographischen Eintrag&#091;:en&#093;To the bibliographic entry&#091;:&#093;\"> Dolezalek 1972, 2<\/a><\/li>\n<\/ul><\/div>\n<div class=\"tei-listBibl tei-listBibl-cat\">\n<h6>Catalogues:<\/h6>\n<ul>\n<li class=\"tei-bibl\"> G. Scherrer, Verzeichniss der Handschriften der Stiftsbibliothek von<br \/>\n                     St. Gallen (Halle 1875) S. 233<\/li>\n<\/ul><\/div>\n<div class=\"tei-listBibl tei-listBibl-cap\">\n<h6>Project-specific references:<\/h6>\n<ul>\n<li class=\"tei-bibl\"><a class=\"internal bib\" href=\"\/resources\/biblio\/#Mordek_1995\" title=\"&#091;:de&#093;Zum bibliographischen Eintrag&#091;:en&#093;To the bibliographic entry&#091;:&#093;\"> Mordek 1995, S. 664-665<\/a><\/li>\n<li class=\"tei-bibl\"><a class=\"internal bib\" href=\"\/resources\/biblio\/#Schmuki_2007\" title=\"&#091;:de&#093;Zum bibliographischen Eintrag&#091;:en&#093;To the bibliographic entry&#091;:&#093;\"> Schmuki 2007, S. 429-430, 433-436<\/a><\/li>\n<li class=\"tei-bibl\"><a class=\"internal bib\" href=\"\/resources\/biblio\/#Bischoff_2014\" title=\"&#091;:de&#093;Zum bibliographischen Eintrag&#091;:en&#093;To the bibliographic entry&#091;:&#093;\">Bischoff 2014, S. 332, Nr. 5838<\/a><\/li>\n<li class=\"tei-bibl\"><a class=\"internal bib\" href=\"\/resources\/biblio\/#Lenz_2014\" title=\"&#091;:de&#093;Zum bibliographischen Eintrag&#091;:en&#093;To the bibliographic entry&#091;:&#093;\"> Lenz 2014, S. 240-242<\/a><\/li>\n<\/ul><\/div>\n<\/p><\/div>\n<\/p><\/div>\n<div class=\"footnotes-wrapper\"><\/div>\n<\/p><\/div>\n<div class=\"page-break\"><\/div>\n<\/p><\/div>\n<\/div>\n<p><br \/>\n<\/p>\n<div class=\"xsl-output\">\n<div class=\"tei-TEI mss-transcript-xsl transkription-body\">\n<div class=\"tei-text\">\n<h4 id=\"transcription\">Transcription<\/h4>\n<div class=\"tei-front\">\n<h5 id=\"editorial-preface\" data-cap-dyn-menu-caption=\"Editorial Preface\">\n        Editorial Preface to the Transcription<br \/>\n      <\/h5>\n<div class=\"italic tei-encodingDesc\">\n<p class=\"tei-p\">Transkriptionsvorlage:<\/p>\n<\/p><\/div>\n<\/div>\n<div id=\"inhaltsverzeichnis\" style=\"display: none\"><a data-level=\"5\" href=\"#start-of-text\"><br \/>\n          Contents (Rubrics)<br \/>\n        <\/a><a data-level=\"5\" href=\"#start-of-text\"><br \/>\n          Contents (BK-Nos.)<br \/>\n        <\/a><\/div>\n<div class=\"page-break\"><\/div>\n<div class=\"tei-body\" id=\"start-of-text\" data-shortcuts=\"1\">\n<div class=\"glossa-nota-wrapper\" data-shortcuts=\"0\"><\/div>\n<div class=\"corresp-wrapper\" data-shortcuts=\"0\"><\/div>\n<div lang=\"la\" class=\"ab ab-text\"><span> \u00a0<\/span><\/div>\n<div class=\"footnotes-wrapper\"><\/div>\n<div class=\"page-break\"><\/div>\n<div class=\"page-break\"><\/div>\n<\/div>\n<\/div>\n<\/div>\n<\/div>\n<p><br \/>\n<\/p>\n<div class=\"xsl-output\">\n<div class=\"tei-TEI mss-footer-xsl transkription-footer\">\n<h4 id=\"info\">Notes<\/h4>\n<div id=\"legend\">\n<h5>Key<\/h5>\n<table>\n<col class=\"legend-col-1\">\n<col class=\"legend-col-2\">\n<tr>\n<th>Symbols used<\/th>\n<th>Meaning<\/th>\n<\/tr>\n<tr>\n<td>\u00b7\u2003\u02d9\u2003:\u2003.&#8217;\u2003\/<br \/>\n               \u00b7,\u00b7\u2003:\/\u2003,\u2003;\u2003\u2234<\/td>\n<td>Punctuation (as used in<br \/>\n               the mss.)<\/td>\n<\/tr>\n<tr>\n<td><sup>*<\/sup><\/td>\n<td>Footnote (text<br \/>\n               of note appears on mouseover)<\/td>\n<\/tr>\n<tr>\n<td>Bold type (words, phrases)<\/td>\n<td>Rubrics, headings;<br \/>\n               differently rendered by using another font or other visual features<\/td>\n<\/tr>\n<tr>\n<td>Bold type (single letters)<\/td>\n<td>Initials<\/td>\n<\/tr>\n<tr>\n<td>Red<\/td>\n<td>Use of coloured ink<br \/>\n               (of any kind)<\/td>\n<\/tr>\n<tr>\n<td>[xyz]<\/td>\n<td>Uncertain reading,<br \/>\n               text hard to decipher<\/td>\n<\/tr>\n<tr>\n<td>[\u2026]<\/td>\n<td>Illegible text. The number of dots<br \/>\n               indicates the (estimated) number of characters missing<\/td>\n<\/tr>\n<tr>\n<td>\u2020\u2020\u2020<\/td>\n<td>Deleted<br \/>\n               text. The number of crosses indicates the (estimated) number of characters<br \/>\n               missing<\/td>\n<\/tr>\n<tr>\n<td>[\u2020]<\/td>\n<td>Place holder for deleted, non-reconstructable<br \/>\n               passages (<span class=\"italic\">without<\/span> indication of estimated number<br \/>\n               of characters missing)<\/td>\n<\/tr>\n<tr>\n<td>&#8211; &#8211; &#8211;<\/td>\n<td>Space left blank intentionally within a line in the ms.<\/td>\n<\/tr>\n<tr>\n<td>[!]<\/td>\n<td>sic<\/td>\n<\/tr>\n<tr>\n<td>|<\/td>\n<td>Line break<\/td>\n<\/tr>\n<tr>\n<td>[BK 139 c. 1]<\/td>\n<td>Reference to the<br \/>\n               Boretius\/Krause edition<\/td>\n<\/tr>\n<tr>\n<td>[fol. 123r], [p. 123]<\/td>\n<td>Page break<br \/>\n               (fol. or p.) or column break in the ms.<\/td>\n<\/tr>\n<tr>\n<td>\n<div class=\"glossa-nota-wrapper\">\n<div class=\"glossa\"><\/div>\n<\/p><\/div>\n<\/td>\n<td>Glossation<\/td>\n<\/tr>\n<tr>\n<td>\n<div class=\"glossa-nota-wrapper\">\n<div class=\"nota\"><\/div>\n<\/p><\/div>\n<\/td>\n<td>Annotation signs (e.g. nota signs)<\/td>\n<\/tr>\n<\/table>\n<div class=\"hr\"><\/div>\n<\/p><\/div>\n<div class=\"citation\">\n<h5>How to cite<\/h5>\n<div><span class=\"title\">Sankt Gallen, Stiftsbibliothek, 727<\/span>,<\/p>\n<p>         <br \/>\n         in: Capitularia. Edition of the Frankish Capitularies,<br \/>\n         ed. by Karl Ubl and collaborators, Cologne 2014 ff.<br \/>\n         URL: https:\/\/capitularia.uni-koeln.de\/en\/mss\/st-gallen-sb-727\/ (accessed on September 2, 2026)<br \/>\n         \n         <\/p><\/div>\n<\/p><\/div>\n<div class=\"hr\"><\/div>\n<div id=\"downloads\">\n<h5>Downloads<\/h5>\n<ul class=\"downloads\">\n<li class=\"download-icon\"><a class=\"screen-only ssdone\" href=\"\/cap\/publ\/mss\/st-gallen-sb-727.xml\" title='&#091;:de&#093;Rechtsklick zum \"Speichern unter\"&#091;:en&#093;right button click to save file&#091;:&#093;'>File in XML<\/a>\n<div class=\"print-only\">File in XML \/cap\/publ\/mss\/st-gallen-sb-727.xml<\/div>\n<\/li>\n<\/ul><\/div>\n<div class=\"hr\"><\/div>\n<div class=\"tei-revisionDesc\">\n<h5>Revision history<\/h5>\n<table>\n<thead>\n<tr>\n<th class=\"col-1\">Date<\/th>\n<th>Change<\/th>\n<\/tr>\n<\/thead>\n<tbody>\n<tr>\n<td class=\"col1\">2020-12-11<\/td>\n<td>Verortung und Datierung der Handschrift nach Bischoff<br \/>\n                  1998\/2004\/2014 erg\u00e4nzt<\/td>\n<\/tr>\n<tr>\n<td class=\"col1\">2016<\/td>\n<td><\/td>\n<\/tr>\n<\/tbody>\n<\/table><\/div>\n<\/div>\n<\/div>\n<p><\/p>","protected":false},"excerpt":{"rendered":"","protected":false},"author":10,"featured_media":0,"parent":58,"menu_order":0,"comment_status":"closed","ping_status":"closed","template":"","meta":{"inline_featured_image":false,"footnotes":""},"categories":[],"tags":[8],"class_list":["post-32846","page","type-page","status-publish","hentry","tag-xml"],"_links":{"self":[{"href":"https:\/\/capitularia.uni-koeln.de\/en\/wp-json\/wp\/v2\/pages\/32846","targetHints":{"allow":["GET"]}}],"collection":[{"href":"https:\/\/capitularia.uni-koeln.de\/en\/wp-json\/wp\/v2\/pages"}],"about":[{"href":"https:\/\/capitularia.uni-koeln.de\/en\/wp-json\/wp\/v2\/types\/page"}],"author":[{"embeddable":true,"href":"https:\/\/capitularia.uni-koeln.de\/en\/wp-json\/wp\/v2\/users\/10"}],"replies":[{"embeddable":true,"href":"https:\/\/capitularia.uni-koeln.de\/en\/wp-json\/wp\/v2\/comments?post=32846"}],"version-history":[{"count":0,"href":"https:\/\/capitularia.uni-koeln.de\/en\/wp-json\/wp\/v2\/pages\/32846\/revisions"}],"up":[{"embeddable":true,"href":"https:\/\/capitularia.uni-koeln.de\/en\/wp-json\/wp\/v2\/pages\/58"}],"wp:attachment":[{"href":"https:\/\/capitularia.uni-koeln.de\/en\/wp-json\/wp\/v2\/media?parent=32846"}],"wp:term":[{"taxonomy":"category","embeddable":true,"href":"https:\/\/capitularia.uni-koeln.de\/en\/wp-json\/wp\/v2\/categories?post=32846"},{"taxonomy":"post_tag","embeddable":true,"href":"https:\/\/capitularia.uni-koeln.de\/en\/wp-json\/wp\/v2\/tags?post=32846"}],"curies":[{"name":"wp","href":"https:\/\/api.w.org\/{rel}","templated":true}]}}