{"id":32625,"date":"2026-03-25T12:39:45","date_gmt":"2026-03-25T11:39:45","guid":{"rendered":"https:\/\/capitularia.uni-koeln.de\/mss\/stuttgart-wlb-fuerstenberg-655\/"},"modified":"2026-04-16T12:40:26","modified_gmt":"2026-04-16T10:40:26","slug":"stuttgart-wlb-fuerstenberg-655","status":"publish","type":"page","link":"https:\/\/capitularia.uni-koeln.de\/en\/mss\/stuttgart-wlb-fuerstenberg-655\/","title":{"rendered":"Stuttgart, W\u00fcrttembergische Landesbibliothek, F\u00fcrstenberg 655"},"content":{"rendered":"<div class=\"xsl-output\">\n<div class=\"tei-TEI mss-header-xsl transkription-header\">\n<div class=\"tei-fileDesc\">\n<h4 id=\"description\" class=\"tei-titleStmt\">Manuscript description according to Mordek<\/h4>\n<div class=\"tei-msDesc\">\n<div id=\"identification\">\n<div class=\"tei-msIdentifier\">\n<h5>Repository<\/h5>\n<p>Stuttgart<br \/>W\u00fcrttembergische Landesbibliothek<br \/> F\u00fcrstenberg 655<\/p>\n<div>\n<div class=\"tei-altIdentifier\"><u>Siglum<\/u> <span class=\"italic\">St3<\/span><\/div>\n<\/p><\/div>\n<\/p><\/div>\n<\/p><\/div>\n<div class=\"page-break\"><\/div>\n<div class=\"tei-history\">\n<h5 id=\"_origin\">Origin and history<\/h5>\n<div class=\"tei-origin\">\n<h6>Origin:<\/h6>\n<p>\n                   13. Jh., 2. Viertel;<br \/>\n                   Ottobeuren.<\/p>\n<\/p><\/div>\n<div class=\"tei-provenance\">\n<h6>Provenance:<\/h6>\n<p>bis zur S\u00e4kularisation des Klosters 1802 in Ottobeuren. Joseph von La\u00dfberg,<br \/>\n                  Meersburg. F\u00fcrstlich F\u00fcrstenbergische Hofbibliothek Donaueschingen. Am 12.<br \/>\n                  M\u00e4rz 1993 an das Land Baden-W\u00fcrttemberg verkauft. Alte Signatur: L.<br \/>\n                  6. Fol. 135v Schreibervermerk des 14. Jh.: <span class=\"tei-hi rend-italic\">qui<br \/>\n                     me scribebat Hilbrandus nomen habebat.<\/span>\n                  <\/p>\n<\/p><\/div>\n<\/p><\/div>\n<div class=\"page-break\"><\/div>\n<div class=\"tei-physDesc\">\n<h5 id=\"_description\">Physical description<\/h5>\n<table class=\"tei-physDesc-table\">\n<tbody>\n<tr>\n<th class=\"value\">Material:<\/th>\n<td class=\"text\">\n                        Pergament\n                        <\/td>\n<\/tr>\n<tr>\n<th class=\"value\">Number:<\/th>\n<td class=\"text\">1 + 139 foll. (gez\u00e4hlt 1-140)\n                        <\/td>\n<\/tr>\n<tr>\n<th class=\"value\">Size:<\/th>\n<td class=\"text\">265-270 \u00d7 190-195 mm<\/td>\n<\/tr>\n<tr>\n<th class=\"value\">Body text:<\/th>\n<td class=\"text\">190-195 \u00d7 135-140 mm<\/td>\n<\/tr>\n<tr>\n<th class=\"value\">Quires:<\/th>\n<td class=\"text\">\n<div>1<span class=\"tei-hi rend-super\">1<\/span> + 14 IV<span class=\"tei-hi rend-super\">113<\/span> + III<span class=\"tei-hi rend-super\">119<\/span> + 2 IV<span class=\"tei-hi rend-super\">135<\/span> + II<span class=\"tei-hi rend-super\">139<\/span>+ 1<span class=\"tei-hi rend-super\">140<\/span>\n                           <\/div>\n<div>Kustoden: r\u00f6mische Zahlen am Anfang und &#8211; wohl von anderer<br \/>\n                           Hand &#8211; am Ende der Lagen nicht immer erhalten.<\/div>\n<\/td>\n<\/tr>\n<tr>\n<th class=\"value\">Lines:<\/th>\n<td class=\"text\">26 (bis 105v), dann unregelm\u00e4\u00dfig<br \/>\n                        (Kalendar), 36 Zeilen (129v-135v)<span class=\"tei-hi rend-italic\">,<\/span> 28-29 Zeilen<br \/>\n                        (136r-139v)<\/td>\n<\/tr>\n<tr>\n<th class=\"value\">Columns:<\/th>\n<td class=\"text\">1<\/td>\n<\/tr>\n<tr>\n<th class=\"value\">Decoration:<\/th>\n<td class=\"text\">\n<p>Dunkelrote Rubriken. Dunkelrote, teilweise verzierte Initialen (130r: <span class=\"tei-hi rend-italic\">P<\/span> mit M\u00e4nnergesicht), einige in roter Umri\u00dfzeichnung<br \/>\n                           mit Flechtwerk und Bl\u00e4ttern, 51v B\u00fcste eines M\u00f6nches (wohl Benedikts von<br \/>\n                           Nursia).<\/p>\n<\/td>\n<\/tr>\n<tr>\n<th class=\"value\">Binding:<\/th>\n<td class=\"text\">\n<p>Heller, stellenweise gedunkelter Ledereinband (mit Zierpr\u00e4gung) um Holz,<br \/>\n                           wohl aus dem Sp\u00e4tmittelalter, zwei Schlie\u00dfen (f\u00fcnf Beschl\u00e4ge verloren).<br \/>\n                           Auf dem inneren Vorderdeckel: Notiz vom Jahre 1585 mit der Unterschrift<br \/>\n                           des Ottobeurer Abtes Gallus Memminger.<\/p>\n<\/p>\n<\/td>\n<\/tr>\n<\/tbody>\n<\/table><\/div>\n<div class=\"page-break\"><\/div>\n<div class=\"tei-msContents\">\n<h5 id=\"_content\">Contents<\/h5>\n<div class=\"tei-summary\">\n<h6>Note:<\/h6>\n<p>Das Vorsatzblatt (fol. 1) ist ein zweispaltig beschriebenes Fragment aus<br \/>\n                  einer liturgischen Hs. wohl gleichfalls Ottobeurer Provenienz (12.\/13.<br \/>\n                  Jh.).<br \/>Gegen Ende des \u201ewei\u00dfen Ottobeurer Codex\u201c, eines<br \/>\n                  Kapiteloffiziumsbuches (siehe \u00e4hnliche Kompositionen in den Codd. <a class=\"internal\" href=\"\/mss\/st-gallen-sb-914\" title=\"&#091;:de&#093;Zur Handschrift&#091;:en&#093;To the manuscript&#091;:&#093;\">St. Gallen<br \/>\n                     914<\/a>, Wolfenb\u00fcttel Wei\u00dfenb. 45 und<br \/>\n                  <a class=\"internal\" href=\"\/mss\/zuerich-zb-rh-hist-28\" title=\"&#091;:de&#093;Zur Handschrift&#091;:en&#093;To the manuscript&#091;:&#093;\">Z\u00fcrich<br \/>\n                     Rh. hist. 28<\/a>), folgt nach Usuards Martyrolog, der Benediktregel,<br \/>\n                  einem Homiliar und dem bis 1585 gef\u00fchrten Nekrolog des Klosters Ottobeuren<br \/>\n                  (Beschreibung und Ed. F. L. Baumann, Necrologia Ottenburana, in: Zs. des<br \/>\n                  Historischen Vereins f\u00fcr Schwaben und Neuburg 5 [1878] S. 358 ff., auch MGH<br \/>\n                  Necrologia Germaniae 1 [Berlin 1888] S. 99-118):<\/p>\n<\/p><\/div>\n<ul class=\"bare\">\n<li class=\"tei-msItem\">\n<p>\n                     <span class=\"rend-semibold\">130r-132r<\/span><br \/> Brief Abt Theodomars von Montecassino an Karl den<br \/>\n                     Gro\u00dfen (Anfang 9. Jh.) (MGH Epp. 4, S. 510-514; CCM 1, S. 157-175). <\/p>\n<\/li>\n<li class=\"tei-msItem\">\n<p>\n                     <span class=\"rend-semibold\">132r-134r<\/span><br \/>\n                     <span class=\"rend-semibold\" title=\"BK\u00a0170\">Capitulare monasticum III<\/span> (a. 818\/819?),<br \/>\n                     ohne cc. 71 und 76: <span class=\"tei-hi rend-italic\">Capitula que tempore Lvdevvici<br \/>\n                        imperatoris ab<\/span><br \/>\n                     <span class=\"tei-hi rend-italic\">abbatibus decreta sunt<\/span>. <span class=\"tei-hi rend-italic\">Anno<br \/>\n                        incarnationis domini nostri iesu christi DCCCXVII<\/span> &#8211; <span class=\"tei-hi rend-italic\">conseruari decreuerunt. Ut abbates mox ut ad monasteria sua<br \/>\n                        remeauerint<\/span> &#8211; <span class=\"tei-hi rend-italic\">in eorum sit arbitrio<\/span> (CCM 1,<br \/>\n                     S. 515-535, Sigle C3; st\u00e4rker nach Benedictus Levita: MGH Capit. 1, Nr. 170,<br \/>\n                     S. 344-348); Vertreter der Redaktion II wie die Hss. Stuttgart HB I 163, St.<br \/>\n                     Gallen 914 und Admont 712. <\/p>\n<\/li>\n<li class=\"tei-msItem\">\n<p>Mit denselben Hss. stimmen die Texte foll. 134r-135v \u00fcberein:<br \/>\n                     <span class=\"rend-semibold\">134r-v<\/span><br \/> Capitula qualiter (nach 821) (CCM 1, S. 353 f.). <\/p>\n<\/li>\n<li class=\"tei-msItem\">\n<p>\n                     <span class=\"rend-semibold\">134v-135v <\/span><br \/>Ordo Casinensis I dictus Ordo regularis<br \/>\n                     (817-821?)(CCM 1, S. 101-104). <\/p>\n<\/li>\n<li class=\"tei-msItem\">\n<p>\n                     <span class=\"rend-semibold\">135v<\/span><br \/> Capitula notitiarum (nach 817), endet fragmentarisch in<br \/>\n                     c. 13 mit <span class=\"tei-hi rend-italic\">dicat mea<\/span> (CCM 1, S. 341 &#8211; S. 343 Z. 2).<br \/>\n                     Wahrscheinlich standen auf den verlorenen Bl\u00e4ttern noch der Schlu\u00df der<br \/>\n                     Capitula notitiarum sowie &#8211; analog zu den Codd. <a class=\"internal\" href=\"\/mss\/stuttgart-wlb-hb-i-163\" title=\"&#091;:de&#093;Zur Handschrift&#091;:en&#093;To the manuscript&#091;:&#093;\">Stuttgart HB I 163<\/a><br \/>\n                     und <a class=\"internal\" href=\"\/mss\/admont-sb-712\" title=\"&#091;:de&#093;Zur Handschrift&#091;:en&#093;To the manuscript&#091;:&#093;\">Admont<br \/>\n                        712<\/a> &#8211; der Modus paenitentiarum Benedicti abbatis Anianensis (vor<br \/>\n                     821), 1. Teil (CCM 1, S. 571-574). <\/p>\n<\/li>\n<li class=\"tei-msItem\">\n<p>\n                     <span class=\"rend-semibold\">136r-139v<\/span><br \/> (Von j\u00fcngerer Hand, sp\u00e4ter angef\u00fcgt wohl anstelle<br \/>\n                     der verlorenen Bl\u00e4tter) Liturgische Texte (Lesungen). <\/p>\n<\/li>\n<li class=\"tei-msItem\">\n<p>\n                     <span class=\"rend-semibold\">140<\/span><br \/> Urspr\u00fcnglich leer; jetzt &#8211; wie im Spiegel &#8211; Eintr\u00e4ge und<br \/>\n                     Federproben von sp\u00e4teren H\u00e4nden. <\/p>\n<\/li>\n<\/ul><\/div>\n<div class=\"page-break\"><\/div>\n<div class=\"tei-listBibl tei-listBibl-not-type\">\n<h5 id=\"_bibliography\">Bibliography<\/h5>\n<div class=\"tei-listBibl tei-listBibl-lit\">\n<h6>References:<\/h6>\n<ul>\n<li class=\"tei-bibl\"><a class=\"internal bib\" href=\"\/resources\/biblio\/#Traube_1910\" title=\"&#091;:de&#093;Zum bibliographischen Eintrag&#091;:en&#093;To the bibliographic entry&#091;:&#093;\"> Traube 1910, S. 119 f.<\/a><\/li>\n<li class=\"tei-bibl\"> T. Leccisotti, A proposito di antiche consuetudini Cassinesi, in:<br \/>\n                     Benedictina 10 (1956) S. 334<\/li>\n<li class=\"tei-bibl\"><a class=\"internal bib\" href=\"\/resources\/biblio\/#Semmler_1958\" title=\"&#091;:de&#093;Zum bibliographischen Eintrag&#091;:en&#093;To the bibliographic entry&#091;:&#093;\"> Semmler 1958, S. 175<\/a><\/li>\n<li class=\"tei-bibl\"><a class=\"internal bib\" href=\"\/resources\/biblio\/#Semmler_1960\" title=\"&#091;:de&#093;Zum bibliographischen Eintrag&#091;:en&#093;To the bibliographic entry&#091;:&#093;\"> Semmler 1960, S. 342<\/a><\/li>\n<li class=\"tei-bibl\"><a class=\"internal bib\" href=\"\/resources\/biblio\/#Frank_1963a\" title=\"&#091;:de&#093;Zum bibliographischen Eintrag&#091;:en&#093;To the bibliographic entry&#091;:&#093;\">Frank 1963a, S. 339 f.<\/a><\/li>\n<li class=\"tei-bibl\"><a class=\"internal bib\" href=\"\/resources\/biblio\/#Frank_1963b\" title=\"&#091;:de&#093;Zum bibliographischen Eintrag&#091;:en&#093;To the bibliographic entry&#091;:&#093;\">Frank 1963b, S. 349 ff.<\/a><\/li>\n<li class=\"tei-bibl\"><a class=\"internal bib\" href=\"\/resources\/biblio\/#Leccisotti_1963\" title=\"&#091;:de&#093;Zum bibliographischen Eintrag&#091;:en&#093;To the bibliographic entry&#091;:&#093;\">Leccisotti 1963, S. 95, 97<\/a><\/li>\n<li class=\"tei-bibl\"><a class=\"internal bib\" href=\"\/resources\/biblio\/#Semmler_1963h\" title=\"&#091;:de&#093;Zum bibliographischen Eintrag&#091;:en&#093;To the bibliographic entry&#091;:&#093;\">Semmler 1963h, S. 504, 510 f.<\/a><\/li>\n<li class=\"tei-bibl\"> H. Schwarzmaier, Mittelalterliche Handschriften des Klosters<br \/>\n                     Ottobeuren. Versuch einer Bestandsaufnahme, in: Ottobeuren 764-1964<br \/>\n                     (Sonderbd. der SMBO 73 [1962], Augsburg 1964) S. 13<\/li>\n<li class=\"tei-bibl\"> H. Schwarzmaier, Gr\u00fcndungs- und Fr\u00fchgeschichte der Abtei Ottobeuren, in:<br \/>\n                     Ottobeuren. Festschrift zur 1200-Jahrfeier der Abtei, hg. von Ae. Kolb &#8211;<br \/>\n                     H. T\u00fcchle (Augsburg 1964) S. 11, 25<\/li>\n<li class=\"tei-bibl\"> P. Engelbert, Die Herkunft des \u00abOrdo regularis\u00bb, in: Rev. B\u00e9n. 77<br \/>\n                     (1967) S. 269 ff.<\/li>\n<li class=\"tei-bibl\"> H. Spilling, in: Bewahrtes Kulturerbe &#8211; &#8220;Unberechenbare Zinsen&#8221;.<br \/>\n                     Katalog zur Ausstellung der vom Land Baden-W\u00fcrttemberg erworbenen<br \/>\n                     Handschriften der F\u00fcrstlich F\u00fcrstenbergischen Hofbibliothek, hg. von F.<br \/>\n                     Heinzer (Stuttgart \u00b21994) S. 48, 54<\/li>\n<\/ul><\/div>\n<div class=\"tei-listBibl tei-listBibl-cat\">\n<h6>Catalogues:<\/h6>\n<ul>\n<li class=\"tei-bibl\"> Catalogus librorum manuscriptorum bibliothecae Ottenburanae (= Cod.<br \/>\n                     M\u00fcnchen Lat. 27134, beginnendes 19. Jh.) Nr. VII, S. 3 f.<\/li>\n<li class=\"tei-bibl\"> K A. Barack, Die Handschriften der F\u00fcrstlich-F\u00fcrstenbergischen<br \/>\n                     Hofbibliothek zu Donaueschingen (T\u00fcbingen 1865) S. 458 f.<\/li>\n<\/ul><\/div>\n<div class=\"tei-listBibl tei-listBibl-abb\">\n<h6>Images:<\/h6>\n<ul>\n<li class=\"tei-bibl\">Bewahrtes Kulturerbe, S. 55 (fol. 51v, in Farbe)<\/li>\n<\/ul><\/div>\n<div class=\"tei-listBibl tei-listBibl-cap\">\n<h6>Project-specific references:<\/h6>\n<ul>\n<li class=\"tei-bibl\"><a class=\"internal bib\" href=\"\/resources\/biblio\/#Mordek_1995\" title=\"&#091;:de&#093;Zum bibliographischen Eintrag&#091;:en&#093;To the bibliographic entry&#091;:&#093;\"> Mordek 1995, S. 717-719<\/a><\/li>\n<\/ul><\/div>\n<\/p><\/div>\n<\/p><\/div>\n<div class=\"footnotes-wrapper\"><\/div>\n<\/p><\/div>\n<div class=\"page-break\"><\/div>\n<\/p><\/div>\n<\/div>\n<p><br \/>\n<\/p>\n<div class=\"xsl-output\">\n<div class=\"tei-TEI mss-transcript-xsl transkription-body\">\n<div class=\"tei-text\">\n<h4 id=\"transcription\">Transcription<\/h4>\n<div class=\"tei-front\">\n<h5 id=\"editorial-preface\" data-cap-dyn-menu-caption=\"Editorial Preface\">\n        Editorial Preface to the Transcription<br \/>\n      <\/h5>\n<div class=\"italic tei-encodingDesc\">\n<p class=\"tei-p\">Transkriptionsvorlage:<\/p>\n<\/p><\/div>\n<\/div>\n<div id=\"inhaltsverzeichnis\" style=\"display: none\"><a data-level=\"5\" href=\"#start-of-text\"><br \/>\n          Contents (Rubrics)<br \/>\n        <\/a><a data-level=\"5\" href=\"#start-of-text\"><br \/>\n          Contents (BK-Nos.)<br \/>\n        <\/a><\/div>\n<div class=\"page-break\"><\/div>\n<div class=\"tei-body\" id=\"start-of-text\" data-shortcuts=\"1\">\n<div class=\"glossa-nota-wrapper\" data-shortcuts=\"0\"><\/div>\n<div class=\"corresp-wrapper\" data-shortcuts=\"0\"><\/div>\n<div lang=\"la\" class=\"ab ab-text\"><span> \u00a0<\/span><\/div>\n<div class=\"footnotes-wrapper\"><\/div>\n<div class=\"page-break\"><\/div>\n<div class=\"page-break\"><\/div>\n<\/div>\n<\/div>\n<\/div>\n<\/div>\n<p><br \/>\n<\/p>\n<div class=\"xsl-output\">\n<div class=\"tei-TEI mss-footer-xsl transkription-footer\">\n<h4 id=\"info\">Notes<\/h4>\n<div id=\"legend\">\n<h5>Key<\/h5>\n<table>\n<col class=\"legend-col-1\">\n<col class=\"legend-col-2\">\n<tr>\n<th>Symbols used<\/th>\n<th>Meaning<\/th>\n<\/tr>\n<tr>\n<td>\u00b7\u2003\u02d9\u2003:\u2003.&#8217;\u2003\/<br \/>\n               \u00b7,\u00b7\u2003:\/\u2003,\u2003;\u2003\u2234<\/td>\n<td>Punctuation (as used in<br \/>\n               the mss.)<\/td>\n<\/tr>\n<tr>\n<td><sup>*<\/sup><\/td>\n<td>Footnote (text<br \/>\n               of note appears on mouseover)<\/td>\n<\/tr>\n<tr>\n<td>Bold type (words, phrases)<\/td>\n<td>Rubrics, headings;<br \/>\n               differently rendered by using another font or other visual features<\/td>\n<\/tr>\n<tr>\n<td>Bold type (single letters)<\/td>\n<td>Initials<\/td>\n<\/tr>\n<tr>\n<td>Red<\/td>\n<td>Use of coloured ink<br \/>\n               (of any kind)<\/td>\n<\/tr>\n<tr>\n<td>[xyz]<\/td>\n<td>Uncertain reading,<br \/>\n               text hard to decipher<\/td>\n<\/tr>\n<tr>\n<td>[\u2026]<\/td>\n<td>Illegible text. The number of dots<br \/>\n               indicates the (estimated) number of characters missing<\/td>\n<\/tr>\n<tr>\n<td>\u2020\u2020\u2020<\/td>\n<td>Deleted<br \/>\n               text. The number of crosses indicates the (estimated) number of characters<br \/>\n               missing<\/td>\n<\/tr>\n<tr>\n<td>[\u2020]<\/td>\n<td>Place holder for deleted, non-reconstructable<br \/>\n               passages (<span class=\"italic\">without<\/span> indication of estimated number<br \/>\n               of characters missing)<\/td>\n<\/tr>\n<tr>\n<td>&#8211; &#8211; &#8211;<\/td>\n<td>Space left blank intentionally within a line in the ms.<\/td>\n<\/tr>\n<tr>\n<td>[!]<\/td>\n<td>sic<\/td>\n<\/tr>\n<tr>\n<td>|<\/td>\n<td>Line break<\/td>\n<\/tr>\n<tr>\n<td>[BK 139 c. 1]<\/td>\n<td>Reference to the<br \/>\n               Boretius\/Krause edition<\/td>\n<\/tr>\n<tr>\n<td>[fol. 123r], [p. 123]<\/td>\n<td>Page break<br \/>\n               (fol. or p.) or column break in the ms.<\/td>\n<\/tr>\n<tr>\n<td>\n<div class=\"glossa-nota-wrapper\">\n<div class=\"glossa\"><\/div>\n<\/p><\/div>\n<\/td>\n<td>Glossation<\/td>\n<\/tr>\n<tr>\n<td>\n<div class=\"glossa-nota-wrapper\">\n<div class=\"nota\"><\/div>\n<\/p><\/div>\n<\/td>\n<td>Annotation signs (e.g. nota signs)<\/td>\n<\/tr>\n<\/table>\n<div class=\"hr\"><\/div>\n<\/p><\/div>\n<div class=\"citation\">\n<h5>How to cite<\/h5>\n<div><span class=\"title\">Stuttgart, W\u00fcrttembergische Landesbibliothek, F\u00fcrstenberg 655<\/span>,<\/p>\n<p>         <br \/>\n         in: Capitularia. Edition of the Frankish Capitularies,<br \/>\n         ed. by Karl Ubl and collaborators, Cologne 2014 ff.<br \/>\n         URL: https:\/\/capitularia.uni-koeln.de\/en\/mss\/stuttgart-wlb-fuerstenberg-655\/ (accessed on April 29, 2026)<br \/>\n         \n         <\/p><\/div>\n<\/p><\/div>\n<div class=\"hr\"><\/div>\n<div id=\"downloads\">\n<h5>Downloads<\/h5>\n<ul class=\"downloads\">\n<li class=\"download-icon\"><a class=\"screen-only ssdone\" href=\"\/cap\/publ\/mss\/stuttgart-wlb-fuerstenberg-655.xml\" title='&#091;:de&#093;Rechtsklick zum \"Speichern unter\"&#091;:en&#093;right button click to save file&#091;:&#093;'>File in XML<\/a>\n<div class=\"print-only\">File in XML \/cap\/publ\/mss\/stuttgart-wlb-fuerstenberg-655.xml<\/div>\n<\/li>\n<\/ul><\/div>\n<\/div>\n<\/div>\n<p><\/p>","protected":false},"excerpt":{"rendered":"","protected":false},"author":10,"featured_media":0,"parent":58,"menu_order":0,"comment_status":"closed","ping_status":"closed","template":"","meta":{"inline_featured_image":false,"footnotes":""},"categories":[],"tags":[8],"class_list":["post-32625","page","type-page","status-publish","hentry","tag-xml"],"_links":{"self":[{"href":"https:\/\/capitularia.uni-koeln.de\/en\/wp-json\/wp\/v2\/pages\/32625","targetHints":{"allow":["GET"]}}],"collection":[{"href":"https:\/\/capitularia.uni-koeln.de\/en\/wp-json\/wp\/v2\/pages"}],"about":[{"href":"https:\/\/capitularia.uni-koeln.de\/en\/wp-json\/wp\/v2\/types\/page"}],"author":[{"embeddable":true,"href":"https:\/\/capitularia.uni-koeln.de\/en\/wp-json\/wp\/v2\/users\/10"}],"replies":[{"embeddable":true,"href":"https:\/\/capitularia.uni-koeln.de\/en\/wp-json\/wp\/v2\/comments?post=32625"}],"version-history":[{"count":0,"href":"https:\/\/capitularia.uni-koeln.de\/en\/wp-json\/wp\/v2\/pages\/32625\/revisions"}],"up":[{"embeddable":true,"href":"https:\/\/capitularia.uni-koeln.de\/en\/wp-json\/wp\/v2\/pages\/58"}],"wp:attachment":[{"href":"https:\/\/capitularia.uni-koeln.de\/en\/wp-json\/wp\/v2\/media?parent=32625"}],"wp:term":[{"taxonomy":"category","embeddable":true,"href":"https:\/\/capitularia.uni-koeln.de\/en\/wp-json\/wp\/v2\/categories?post=32625"},{"taxonomy":"post_tag","embeddable":true,"href":"https:\/\/capitularia.uni-koeln.de\/en\/wp-json\/wp\/v2\/tags?post=32625"}],"curies":[{"name":"wp","href":"https:\/\/api.w.org\/{rel}","templated":true}]}}