{"id":30446,"date":"2022-03-15T09:14:11","date_gmt":"2022-03-15T08:14:11","guid":{"rendered":"https:\/\/capitularia.uni-koeln.de\/mss\/reims-bm-672\/"},"modified":"2026-03-27T17:21:00","modified_gmt":"2026-03-27T16:21:00","slug":"reims-bm-672","status":"publish","type":"page","link":"https:\/\/capitularia.uni-koeln.de\/en\/mss\/reims-bm-672\/","title":{"rendered":"Reims, Biblioth\u00e8que Carnegie &#8211; Biblioth\u00e8que municipale, 672"},"content":{"rendered":"<div class=\"xsl-output\">\n<div class=\"tei-TEI mss-header-xsl transkription-header\">\n<div class=\"tei-fileDesc\">\n<h4 id=\"description\" class=\"tei-titleStmt\">Manuscript description according to Mordek<\/h4>\n<div class=\"tei-msDesc\">\n<div id=\"identification\">\n<div class=\"tei-msIdentifier\">\n<h5>Repository<\/h5>\n<p>Reims<br \/>Biblioth\u00e8que Carnegie &#8211; Biblioth\u00e8que municipale<br \/> 672<\/p>\n<div>\n<div class=\"tei-altIdentifier\"><u>Siglum<\/u> <span class=\"italic\">Re<\/span><\/div>\n<\/p><\/div>\n<\/p><\/div>\n<div class=\"tei-facsimile\">Digital image available at<br \/>\n               <a class=\"external\" href=\"https:\/\/arca.irht.cnrs.fr\/ark:\/63955\/md76rx915r87\" title=\"ARCA\" target=\"_blank\">ARCA<\/a>\n               <\/div>\n<\/p><\/div>\n<div class=\"page-break\"><\/div>\n<div class=\"tei-history\">\n<h5 id=\"_origin\">Origin and history<\/h5>\n<div class=\"tei-origin\">\n<h6>Origin:<\/h6>\n<p>\n                  12. Jh., 2. H\u00e4lfte;<br \/>\n                  wohl Reims.<\/p>\n<\/p><\/div>\n<div class=\"tei-provenance\">\n<h6>Provenance:<\/h6>\n<p>Domkapitel zu Reims (fol. 2r: <span class=\"tei-hi rend-italic\">Lit. B, ord. unicus, N\u00b0. 60,<br \/>\n                     sub fenestra<\/span>; fol. 1v u. \u00f6.: <span class=\"tei-hi rend-italic\">Ex dono Domini<br \/>\n                     Francisci Josseteau canonici<\/span>). Alte Signatur: G.<br \/>\n                  166.<\/p>\n<\/p><\/div>\n<\/p><\/div>\n<div class=\"page-break\"><\/div>\n<div class=\"tei-physDesc\">\n<h5 id=\"_description\">Physical description<\/h5>\n<table class=\"tei-physDesc-table\">\n<tbody>\n<tr>\n<th class=\"value\">Material:<\/th>\n<td class=\"text\">\n                        Pergament\n                        <\/td>\n<\/tr>\n<tr>\n<th class=\"value\">Number:<\/th>\n<td class=\"text\">226 foll. (Blattverlust zwischen foll. 218 und 219) <\/p>\n<\/td>\n<\/tr>\n<tr>\n<th class=\"value\">Size:<\/th>\n<td class=\"text\">527 \u00d7 377 mm<\/td>\n<\/tr>\n<tr>\n<th class=\"value\">Body text:<\/th>\n<td class=\"text\">405 \u00d7 270 mm<\/td>\n<\/tr>\n<tr>\n<th class=\"value\">Quires:<\/th>\n<td class=\"text\">Nach den Kustoden zu urteilen (fol. 15v: <span class=\"tei-hi rend-italic\">I<\/span><br \/>\n                        usw.), begann die Hs. urspr\u00fcnglich mit dem Pseudoisidor-Vorspann fol.<br \/>\n                        8.<\/td>\n<\/tr>\n<tr>\n<th class=\"value\">Lines:<\/th>\n<td class=\"text\">60-61<\/td>\n<\/tr>\n<tr>\n<th class=\"value\">Columns:<\/th>\n<td class=\"text\">2<\/td>\n<\/tr>\n<tr>\n<th class=\"value\">Script:<\/th>\n<td class=\"text\">\n                        gotische Minuskel\n                        <\/td>\n<\/tr>\n<\/tbody>\n<\/table><\/div>\n<div class=\"page-break\"><\/div>\n<div class=\"tei-msContents\">\n<h5 id=\"_content\">Contents<\/h5>\n<div class=\"tei-summary\">\n<h6>Note:<\/h6>\n<p>Den Gro\u00dfteil der Hs. f\u00fcllen eine besondere Version des Liber Pontificalis<br \/>\n                  (foll. 1-7) und die mit patristischem Material angereicherte Collectio<br \/>\n                  Pseudo-Isidoriana der C-Version (bis fol. 191v). Es folgen unter anderem das<br \/>\n                  6. \u00d6kumenische Konzil von Konstantinopel (a. 680\/681) und Briefe Papst<br \/>\n                  Hadrians II., bevor der Schlu\u00dfteil mit Kapitularien bzw. kapitulariennahen<br \/>\n                  St\u00fccken einsetzt, zun\u00e4chst zum Jahr 876, dann, innerhalb der Korrespondenz<br \/>\n                  des Bonifatius, die Kapitularien Karlmanns der Jahre 742\/744:<\/p>\n<\/p><\/div>\n<ul class=\"bare\">\n<li class=\"tei-msItem\">\n<p>\n                     <span class=\"rend-semibold\">212vb-213ra<\/span><br \/>\n                     <span class=\"tei-hi rend-italic\">Caplm. I &#8211; C. VIIII<\/span> &#8211; <span class=\"rend-semibold\" title=\"BK\u00a0279\">Konzil<br \/>\n                        von Ponthion<\/span> (a. 876), Abschnitt G nach Krauses Einteilung: <span class=\"tei-hi rend-italic\">Sancta sinodus que in nomine domini &#8211; decernimus atque<br \/>\n                        firmamus <\/span>(MGH Capit. 2, Nr. 279, S. 351 Z. 4 &#8211; S. 352 Z. 27). <\/p>\n<\/li>\n<li class=\"tei-msItem\">\n<p>\n                     <span class=\"rend-semibold\">213ra-va<\/span><br \/>\n                     <span class=\"tei-hi rend-italic\">Primum &#8211; XV<\/span> &#8211; <span class=\"rend-semibold\" title=\"BK\u00a0221\">Karoli II<br \/>\n                        capitulare Papiense<\/span> (a. 876), ohne Subskriptionsliste: <span class=\"tei-hi rend-italic\">H\u0119c sunt capitula qu\u0119 domnus karolus ludoyci augusti filius<br \/>\n                        una cum consensu et suggestione uenerabilium episcoporum et primatum<br \/>\n                        suorum ad honorem sanct\u0119 \u0119cclesi\u0119 et pacem imperii sui fecit anno<br \/>\n                        incarnati uerbi DCCCLXXVI regni uero sui in franciam XXXVI Imperii uero<br \/>\n                        sui primo. Ut sancta romana ecclesia &#8211; iudicium experietur<\/span> (MGH<br \/>\n                     Capit. 2, Nr. 221, S. 101 Z. 6 &#8211; S. 103 Z. 30). <\/p>\n<\/li>\n<li class=\"tei-msItem\">\n<p>\n                     <span class=\"rend-semibold\">213va-214ra<\/span><br \/>\n                     <span class=\"rend-semibold\" title=\"BK\u00a0279\">Konzil von Ponthion<\/span> (a. 876), Zustimmung des<br \/>\n                     r\u00f6mischen Legaten und Subskriptionsliste (z. T. in der Reihenfolge<br \/>\n                     ver\u00e4ndert): <span class=\"tei-hi rend-italic\">Consensus leonis episcopi missi et<br \/>\n                        apochrisiarii &#8211; agilmarus aruenensis ecclesie episcopus s.<\/span> (MGH<br \/>\n                     Capit. 2, Nr. 279, S. 352 Z. 28 &#8211; S. 353 Z. 6, S. 349 Z. 5 &#8211; S. 350 Z. 6).\n                     <\/p>\n<\/li>\n<li class=\"tei-msItem\">\n<p>\n                     <span class=\"rend-semibold\">214ra<\/span><br \/>\n                     <span class=\"rend-semibold\" title=\"BK\u00a0220\">Karoli II imperatoris electio<\/span> (a. 876), ohne<br \/>\n                     Subskriptionsliste und Eide: <span class=\"tei-hi rend-italic\">Glorioso et a deo coronato &#8211;<br \/>\n                        obseruare promittimus<\/span> (MGH Capit. 2, Nr. 220, S. 99 Z. 11-24). <\/p>\n<\/li>\n<li class=\"tei-msItem\">\n<p>\n                     <span class=\"rend-semibold\">214ra-215vb<\/span><br \/> Johannes VIII., JE 3041, JE 3039 und JE 3037 (MGH<br \/>\n                     Epp. 7, S. 326-329, 320-323, 317 f.). <\/p>\n<\/li>\n<li class=\"tei-msItem\">\n<p>\n                     <span class=\"rend-semibold\">216ra-rb<\/span><br \/> Martin I., JE 2059 (ACO Series secunda, 1, S.<br \/>\n                     422-424). <\/p>\n<\/li>\n<li class=\"tei-msItem\">\n<p>\n                     <span class=\"rend-semibold\">216rb-217ra<\/span><br \/> Vitalian, JE 2090-2093 (ed. Schieffer, Kreta, Rom<br \/>\n                     und Laon, S. 25-30). <\/p>\n<\/li>\n<li class=\"tei-msItem\">\n<p>\n                     <span class=\"rend-semibold\">217ra-va<\/span><br \/> R\u00f6mische Synode Gregors II. vom 7.4.721, JE nach<br \/>\n                     \u20202158 (ed. Hinschius, Decretales Pseudo-Isidorianae, S. 753 f.). <\/p>\n<\/li>\n<li class=\"tei-msItem\">\n<p>\n                     <span class=\"rend-semibold\">217va<\/span><br \/> Bischofseid des Bonifatius (MGH Epp. sel. 1, Nr. 16, S.<br \/>\n                     28 f.). <\/p>\n<\/li>\n<li class=\"tei-msItem\">\n<p>\n                     <span class=\"rend-semibold\">217va-218va<\/span><br \/> Gregor II., JE 2157, JE 2160, JE 2161, JE 2163,<br \/>\n                     JE 2170, JE 2164 und JE 2168 (MGH Epp. sel. 1, Nrn. 12, 17-19, 25, 21, 24,<br \/>\n                     S. 17 f., 30-33, 43 f., 35 f. und 41-43). <\/p>\n<\/li>\n<li class=\"tei-msItem\">\n<p>\n                     <span class=\"rend-semibold\">218va-vb<\/span><br \/> Gregor III., JE 2239 und JE 2245 (bis <span class=\"tei-hi rend-italic\">Qui perfecta<\/span>, danach Blattverlust) (MGH Epp. sel. 1,<br \/>\n                     Nrn. 28, 42, S. 49-52, S. 67 Z. 6-17). <\/p>\n<\/li>\n<li class=\"tei-msItem\">\n<p>Auf den verlorenen Bl\u00e4ttern <span class=\"rend-semibold\">zwischen foll. 218 und 219<\/span><br \/>\n                     d\u00fcrften &#8211; neben den Resten der noch sichtbaren zwei St\u00fccke &#8211; folgende Briefe<br \/>\n                     gestanden haben, welche die vollst\u00e4ndigen Hss. der Gruppe 4 der<br \/>\n                     bonifatianischen Collectio pontificia konstituieren: Nrn. 43-44, 26, 45, 50,<br \/>\n                     52 und 68, vgl. MGH Epp. sel. 1, S. XXVII (Korrektur zu Tangl, Studien I, S.<br \/>\n                     790 bzw. 177). <\/p>\n<\/li>\n<li class=\"tei-msItem\">\n<p>\n                     <span class=\"rend-semibold\">219ra-220vb<\/span><br \/> Zacharias, JE 2287 (ab <span class=\"tei-hi rend-italic\">et<br \/>\n                        manifesta<\/span>, davor Blattverlust), JE 2274, JE 2291 und JE 2264 (MGH<br \/>\n                     Epp. sel. 1, Nrn. 82, 60, 87, 51, S. 182 Z. 30 &#8211; S. 184, S. 120-125,<br \/>\n                     194-201, 86-92). <\/p>\n<\/li>\n<li class=\"tei-msItem\">\n<p>\n                     <span class=\"rend-semibold\">220vb-221ra<\/span><br \/> Zwei Briefe des Bonifatius an Stephan II. (MGH<br \/>\n                     Epp. sel. 1, Nrn. 108-109, S. 233 &#8211; 236). <\/p>\n<\/li>\n<li class=\"tei-msItem\">\n<p>\n                     <span class=\"rend-semibold\">221ra-rb<\/span><br \/> Empfehlungsschreiben Bischof Daniels von Winchester<br \/>\n                     f\u00fcr Bonifatius (MGH Epp. sel. 1, Nr. 11, S. 16). <\/p>\n<\/li>\n<li class=\"tei-msItem\">\n<p>\n                     <span class=\"rend-semibold\">221rb<\/span><br \/> Karl Martells Schutzbrief f\u00fcr Bonifatius (MGH Epp. sel.<br \/>\n                     1, Nr. 22, S. 37 f.). <\/p>\n<\/li>\n<li class=\"tei-msItem\">\n<p>\n                     <span class=\"rend-semibold\">221 rb-va<\/span><br \/>\n                     <span class=\"rend-semibold\" title=\"BK\u00a010\">Karlmanni principis capitulare<\/span> (Concilium<br \/>\n                     Germanicum, a. 742\/743): <span class=\"tei-hi rend-italic\">Epistola carlomanni. In nomine<br \/>\n                        domini nostri iesu christi ego carlomannus dux et princeps francorum &#8211;<br \/>\n                        gubernare studeant<\/span> (MGH Capit. 1, Nr. 10, S. 24 Z. 24 &#8211; S. 26 Z. 9;<br \/>\n                     MGH Conc. 2, 1, Nr. 1, S. 2-4; MGH Epp. sel. 1, Nr. 56, S. 98-101). <\/p>\n<\/li>\n<li class=\"tei-msItem\">\n<p>\n                     <span class=\"rend-semibold\">221va-vb<\/span><br \/>\n                     <span class=\"rend-semibold\" title=\"BK\u00a011\">Karlmanni principis capitulare Liptinense<\/span> (a.<br \/>\n                     743\/744): <span class=\"tei-hi rend-italic\">De alio synodali conuentu. Modo autem in hoc<br \/>\n                        sinodali conuentu &#8211; dampnetur quindecim solidis<\/span> (MGH Capit. 1, Nr.<br \/>\n                     11, S. 26 Z. 19 f., S. 27 Z. 42 &#8211; S. 28 Z. 22; MGH Conc. 2, 1, Nr. 2, S. 6<br \/>\n                     f.; MGH Epp. sel. 1, Nr. 56, S. 101 f.). <\/p>\n<\/li>\n<li class=\"tei-msItem\">\n<p>\n                     <span class=\"rend-semibold\">221vb-222va<\/span><br \/> Brief des Bonifatius an K\u00f6nig Aethelbald von<br \/>\n                     Mercien (MGH Epp. sel. 1, Nr. 73, S. 146-154); Schlu\u00df fehlt. <\/p>\n<\/li>\n<li class=\"tei-msItem\">\n<p>\n                     <span class=\"rend-semibold\">222va<\/span><br \/> Brief des Bonifatius an \u00c4btissin Bugga (MGH Epp. sel.<br \/>\n                     1, Nr. 27, S. 48 f.). <\/p>\n<\/li>\n<li class=\"tei-msItem\">\n<p>\n                     <span class=\"rend-semibold\">222va-224ra<\/span><br \/> Capitula Angilramni (ed. Hinschius, Decretales<br \/>\n                     Pseudo-Isidorianae, S. 757-769). <\/p>\n<\/li>\n<li class=\"tei-msItem\">\n<p>\n                     <span class=\"rend-semibold\">224ra-va<\/span><br \/> Dialogus Liberii et Constantii (Migne, PL 8, Sp.<br \/>\n                     1360-1365). <\/p>\n<\/li>\n<li class=\"tei-msItem\">\n<p>\n                     <span class=\"rend-semibold\">224va-vb<\/span><br \/> Innocenz II., JL 8148 (Mansi 21, Sp. 564 f.). <\/p>\n<\/li>\n<li class=\"tei-msItem\">\n<p>\n                     <span class=\"rend-semibold\">224vb<\/span><br \/> Innocenz II., JL 8149 (Mansi 21, Sp. 565). <\/p>\n<\/li>\n<li class=\"tei-msItem\">\n<p>\n                     <span class=\"rend-semibold\">224vb-225vb<\/span><br \/> 2. Laterankonzil unter Innocenz II. (a. 1139),<br \/>\n                     Capitulatio und Kanones (Mansi 21, Sp. 525 -533; die Kanones ed. C.<br \/>\n                     Leonardi, in: J. Alberigo u. a. (Ed.), Conciliorum oecumenicorum decreta [3.<br \/>\n                     Aufl. Bologna 1973] S. 197-203). <\/p>\n<\/li>\n<li class=\"tei-msItem\">\n<p>\n                     <span class=\"rend-semibold\">225vb-226rb<\/span><br \/> Konzil von Reims (a. 1148), Capitulatio und<br \/>\n                     Kanones (Mansi 21, Sp. 713-718). <\/p>\n<\/li>\n<\/ul><\/div>\n<div class=\"page-break\"><\/div>\n<div class=\"tei-listBibl tei-listBibl-not-type\">\n<h5 id=\"_bibliography\">Bibliography<\/h5>\n<div class=\"tei-listBibl tei-listBibl-lit\">\n<h6>References:<\/h6>\n<ul>\n<li class=\"tei-bibl\"><a class=\"internal bib\" href=\"\/resources\/biblio\/#Tangl_1916\" title=\"&#091;:de&#093;Zum bibliographischen Eintrag&#091;:en&#093;To the bibliographic entry&#091;:&#093;\">Tangl 1916, S. 790 bzw. 177<\/a><\/li>\n<li class=\"tei-bibl\"><a class=\"internal bib\" href=\"\/resources\/biblio\/#Williams_S_1971\" title=\"&#091;:de&#093;Zum bibliographischen Eintrag&#091;:en&#093;To the bibliographic entry&#091;:&#093;\">Williams S 1971, S. 52<\/a><\/li>\n<li class=\"tei-bibl\"><a class=\"internal bib\" href=\"\/resources\/biblio\/#Fuhrmann_H_1972-1974\" title=\"&#091;:de&#093;Zum bibliographischen Eintrag&#091;:en&#093;To the bibliographic entry&#091;:&#093;\">Fuhrmann H 1972-1974, 1, S. 169 Anm.<br \/>\n                        61<\/a><\/li>\n<li class=\"tei-bibl\">R. Schieffer, Kreta, Rom und Laon. Vier Briefe des Papstes Vitalian<br \/>\n                     vom Jahr 668, in: H. Mordek (Hg.), Papsttum, Kirche und Recht im<br \/>\n                     Mittelalter. Festschrift f\u00fcr Horst Fuhrmann zum 65. Geburtstag (T\u00fcbingen<br \/>\n                     1991) S. 17 f., 25 ff.<\/li>\n<\/ul><\/div>\n<div class=\"tei-listBibl tei-listBibl-cat\">\n<h6>Catalogues:<\/h6>\n<ul>\n<li class=\"tei-bibl\">Catalogue g\u00e9n\u00e9ral des manuscrits des biblioth\u00e8ques publiques de<br \/>\n                     France. D\u00e9partements 39, 2, 1 (Paris 1904) S. 12-24 (H. Loriquet) <\/li>\n<\/ul><\/div>\n<div class=\"tei-listBibl tei-listBibl-cap\">\n<h6>Project-specific references:<\/h6>\n<ul>\n<li class=\"tei-bibl\"><a class=\"internal bib\" href=\"\/resources\/biblio\/#Mordek_1995\" title=\"&#091;:de&#093;Zum bibliographischen Eintrag&#091;:en&#093;To the bibliographic entry&#091;:&#093;\">Mordek 1995, S. 625-628<\/a><\/li>\n<\/ul><\/div>\n<\/p><\/div>\n<\/p><\/div>\n<div class=\"footnotes-wrapper\"><\/div>\n<\/p><\/div>\n<div class=\"page-break\"><\/div>\n<\/p><\/div>\n<\/div>\n<p><br \/>\n<\/p>\n<div class=\"xsl-output\">\n<div class=\"tei-TEI mss-transcript-xsl transkription-body\">\n<div class=\"tei-text\">\n<h4 id=\"transcription\">Transcription<\/h4>\n<div class=\"tei-front\">\n<h5 id=\"editorial-preface\" data-cap-dyn-menu-caption=\"&#091;:de&#093;Editorische Vorbemerkung&#091;:en&#093;Editorial Preface&#091;:&#093;\">\n        Editorial Preface to the Transcription<br \/>\n      <\/h5>\n<div class=\"italic tei-encodingDesc\">\n<p class=\"tei-p\">Transkriptionsvorlage: Gutes Schwarz-Wei\u00df-Digitalisat bei der BVMM<\/p>\n<\/p><\/div>\n<div class=\"tei-front-div\">\n<h6>       Schreiber<\/h6>\n<p class=\"tei-p\">Der Schreiber verwendet eine sp\u00e4te karolingische Minuskel, bei der u neben v sowie<br \/>\n               Schaft-s neben rundem s (am Wortende) stehen. Tironisches et begegnet an wenigen<br \/>\n               Stellen.<\/p>\n<\/div>\n<div class=\"tei-front-div\">\n<h6>    Gliederungsmerkmale<\/h6>\n<p class=\"tei-p\">Die Inskription des Karoli II capitulare Papiense (BK 221) ist in farbiger Tinte und<br \/>\n               in Minuskel ausgef\u00fchrt. Die 15 Kapitel sind von <span class=\"tei-mentioned\">Primum<\/span> bis<br \/>\n                  <span class=\"tei-mentioned\">XV<\/span> durchgez\u00e4hlt, wobei die Kapitelnummern ebenfalls in<br \/>\n               farbiger Tinte ausgef\u00fchrt wurden. Jedes Kapitel wird mit 2-3 Zeilen hohen Initialen<br \/>\n               eingeleitet.<\/p>\n<\/div>\n<\/div>\n<div id=\"inhaltsverzeichnis\" style=\"display: none\"><a data-level=\"5\" href=\"#start-of-text\"><br \/>\n          Contents (Rubrics)<br \/>\n        <\/a><\/p>\n<ul>\n<li class=\"toc\"><a href=\"#reims-bm-672-213ra-15\" data-level=\"6\"><br \/>\n                  H\u0119c sunt capitula qu\u0119 domnus<br \/>\n                  karolus ludoyci augusti filius una cum consensu &#8230;<\/a><\/p>\n<ul>\n<li class=\"toc\"><a href=\"#reims-bm-672-213ra-16\" data-level=\"7\"><br \/>\n                        Primum<\/a><\/li>\n<li class=\"toc\"><a href=\"#reims-bm-672-213rb-1\" data-level=\"7\"><br \/>\n                        II<\/a><\/li>\n<li class=\"toc\"><a href=\"#reims-bm-672-213rb-3\" data-level=\"7\"><br \/>\n                        III<\/a><\/li>\n<li class=\"toc\"><a href=\"#reims-bm-672-213rb-5\" data-level=\"7\"><br \/>\n                        IIII<\/a><\/li>\n<li class=\"toc\"><a href=\"#reims-bm-672-213rb-7\" data-level=\"7\"><br \/>\n                        V<\/a><\/li>\n<li class=\"toc\"><a href=\"#reims-bm-672-213rb-9\" data-level=\"7\"><br \/>\n                        VI<\/a><\/li>\n<li class=\"toc\"><a href=\"#reims-bm-672-213rb-11\" data-level=\"7\"><br \/>\n                        VII<\/a><\/li>\n<li class=\"toc\"><a href=\"#reims-bm-672-213rb-13\" data-level=\"7\"><br \/>\n                        VIII<\/a><\/li>\n<li class=\"toc\"><a href=\"#reims-bm-672-213rb-15\" data-level=\"7\"><br \/>\n                        VIIII<\/a><\/li>\n<li class=\"toc\"><a href=\"#reims-bm-672-213va-1\" data-level=\"7\"><br \/>\n                        X<\/a><\/li>\n<li class=\"toc\"><a href=\"#reims-bm-672-213va-3\" data-level=\"7\"><br \/>\n                        XI<\/a><\/li>\n<li class=\"toc\"><a href=\"#reims-bm-672-213va-5\" data-level=\"7\"><br \/>\n                        XII<\/a><\/li>\n<li class=\"toc\"><a href=\"#reims-bm-672-213va-7\" data-level=\"7\"><br \/>\n                        XIII<\/a><\/li>\n<li class=\"toc\"><a href=\"#reims-bm-672-213va-9\" data-level=\"7\"><br \/>\n                        XIIII<\/a><\/li>\n<li class=\"toc\"><a href=\"#reims-bm-672-213va-11\" data-level=\"7\"><br \/>\n                        XV<\/a><\/li>\n<\/ul>\n<\/li>\n<\/ul>\n<p>         <a data-level=\"5\" href=\"#start-of-text\"><br \/>\n          Contents (BK-Nos.)<br \/>\n        <\/a><\/div>\n<div class=\"page-break\"><\/div>\n<div class=\"tei-body\" id=\"start-of-text\" data-shortcuts=\"1\">\n<p>          <span class=\"tei-cb\"><\/span><span class=\"folio\" data-shortcuts=\"0\">[fol.\u00a0213ra]<\/span><br \/>\n          <span class=\"tei-lb\"><\/span><span class=\"line-number\" data-shortcuts=\"0\">[53]<\/span><\/p>\n<p>         <a id=\"BK_221\" class=\"milestone milestone-capitular\"><\/a><a id=\"x-menu-d4e822\" class=\"milestone\" data-shortcuts=\"0\" data-level=\"6\" data-cap-dyn-menu-caption=\"BK\u00a0221\"><\/a><\/p>\n<p>         <a id=\"BK_221_inscriptio\" class=\"milestone milestone-chapter\"><\/a><\/p>\n<div class=\"glossa-nota-wrapper\" data-shortcuts=\"0\"><\/div>\n<div class=\"corresp-wrapper\" data-shortcuts=\"0\"><\/div>\n<div lang=\"la\" class=\"ab ab-meta-text rend-coloured\" id=\"reims-bm-672-213ra-15\"> H\u0119c sunt capitula qu\u0119 domnus karolus\u00a0\u00b7 ludoyci augusti fi<span class=\"tei-lb tei-lb-show\"><\/span>lius\u00a0\u00b7 una cum consensu et<br \/>\n            suggestione uenerabilium  <span class=\"tei-lb tei-lb-show\"><\/span> episcoporum et primatum suorum ad honorem sanct\u0119 \u0119cclesi\u0119<br \/>\n            et pacem  <span class=\"tei-lb tei-lb-show\"><\/span> imperii sui fecit\u00a0\u00b7 anno incarnati uerbi\u00a0\u00b7 DCCCLXXVII\u00a0\u00b7  <span class=\"tei-lb tei-lb-show\"><\/span> regni<br \/>\n               uero sui in franciam XX<span class=\"tei-mod rend-coloured\" data-note-id=\"d2e847\">XVI<\/span><a class=\"annotation-ref ssdone tei-mod rend-coloured relocated\" id=\"d2e847-ref\" href=\"#d2e847-content\" data-shortcuts=\"0\"><span class=\"print-only footnote-number-ref\">1<\/span><span class=\"screen-only footnote-siglum\">*<\/span><\/a>\u00a0\u00b7 Imperii uero sui<br \/>\n               primo<br \/>\n             <span class=\"tei-lb\"><\/span><br \/>\n         <span> \u00a0<\/span><\/div>\n<p>         <a id=\"BK_221_1_inscriptio\" class=\"milestone milestone-chapter\"><\/a><\/p>\n<div class=\"glossa-nota-wrapper\" data-shortcuts=\"0\"><\/div>\n<div class=\"corresp-wrapper\" data-shortcuts=\"0\"><\/div>\n<div lang=\"la\" class=\"ab ab-meta-text rend-coloured\" id=\"reims-bm-672-213ra-16\"><span class=\"tei-seg tei-seg-num rend-coloured\">Primum<\/span>\u00a0\u00b7 <span> \u00a0<\/span><\/div>\n<p>         <a id=\"BK_221_1\" class=\"milestone milestone-chapter\"><\/a><a id=\"x-menu-d4e864\" class=\"milestone milestone-chapter\" data-shortcuts=\"0\" data-fold-menu-entry=\"1\" data-level=\"7\" data-cap-dyn-menu-caption=\"BK\u00a0221\u00a0c.\u00a01\"><\/a><\/p>\n<div class=\"glossa-nota-wrapper\" data-shortcuts=\"0\"><\/div>\n<div class=\"corresp-wrapper\" data-shortcuts=\"0\">\n<div class=\"corresp\">[BK\u00a0221\u00a0c.\u00a01]<\/div>\n<\/div>\n<div lang=\"la\" class=\"ab ab-text\" id=\"reims-bm-672-213ra-17\">\n            <span class=\"initial-word-wrapper\"><span class=\"initial\" title=\"Initiale\">U<\/span>t<\/span> sancta romana ecclesia sicut est caput  <span class=\"tei-lb tei-lb-show\"><\/span> omnium<br \/>\n            \u0119cclesiarum\u00a0\u00b7 ita ab omnibus honoretur et ue<span class=\"tei-mod\" data-note-id=\"d2e866\">n<\/span>e<span class=\"tei-lb tei-lb-show\"><\/span>retur<a class=\"annotation-ref ssdone tei-mod relocated\" id=\"d2e866-ref\" href=\"#d2e866-content\" data-shortcuts=\"0\"><span class=\"print-only footnote-number-ref\">2<\/span><span class=\"screen-only footnote-siglum\">*<\/span><\/a>\u00a0\u00b7 atque<br \/>\n            quisquam contra ius et potestatem ipsivs  <span class=\"tei-lb tei-lb-show\"><\/span> aliquid iniuste agere<br \/>\n               presumat\u00a0\u00b7 sed liceat ei debitum tenere  <span class=\"tei-cb\"><\/span><span class=\"folio\" data-shortcuts=\"0\">[fol.\u00a0213rb]<\/span> uigorem\u00a0\u00b7 et<br \/>\n            pro uniuersali \u0119cclesia pastoralem exhibere curam atque  <span class=\"tei-lb tei-lb-show\"><\/span> sacris<br \/>\n               precibus omnium pro omnibus interpellare auctorem\u00a0\u00b7  <span class=\"tei-lb\"><\/span><br \/>\n         <span> \u00a0<\/span><\/div>\n<div class=\"footnotes-wrapper\">\n<div id=\"d2e847-content\" class=\"annotation-content\"><a class=\"annotation-backref ssdone\" href=\"#d2e847-ref\" data-shortcuts=\"0\"><span class=\"print-only footnote-number-backref\">1<\/span><span class=\"screen-only footnote-siglum\">*<\/span><\/a><\/p>\n<div class=\"annotation-text\"><span class=\"tei-mentioned rend-coloured\">XVI<\/span><span class=\"generated\" data-shortcuts=\"0\"> korr. (?)<\/span><\/div>\n<\/div>\n<div id=\"d2e866-content\" class=\"annotation-content\"><a class=\"annotation-backref ssdone\" href=\"#d2e866-ref\" data-shortcuts=\"0\"><span class=\"print-only footnote-number-backref\">2<\/span><span class=\"screen-only footnote-siglum\">*<\/span><\/a><\/p>\n<div class=\"annotation-text\"><span class=\"tei-mentioned\">n<\/span><span class=\"generated\" data-shortcuts=\"0\"> korr. (?)<\/span><\/div>\n<\/div>\n<\/div>\n<div class=\"page-break\"><\/div>\n<p>         <a id=\"BK_221_2_inscriptio\" class=\"milestone milestone-chapter\"><\/a><\/p>\n<div class=\"glossa-nota-wrapper\" data-shortcuts=\"0\"><\/div>\n<div class=\"corresp-wrapper\" data-shortcuts=\"0\"><\/div>\n<div lang=\"la\" class=\"ab ab-meta-text rend-coloured\" id=\"reims-bm-672-213rb-1\">\u00a0\u00b7 <span class=\"tei-seg tei-seg-num rend-coloured\">II<\/span>\u00a0\u00b7 <span> \u00a0<\/span><\/div>\n<p>         <a id=\"BK_221_2\" class=\"milestone milestone-chapter\"><\/a><a id=\"x-menu-d4e903\" class=\"milestone milestone-chapter\" data-shortcuts=\"0\" data-fold-menu-entry=\"1\" data-level=\"7\" data-cap-dyn-menu-caption=\"BK\u00a0221\u00a0c.\u00a02\"><\/a><\/p>\n<div class=\"glossa-nota-wrapper\" data-shortcuts=\"0\"><\/div>\n<div class=\"corresp-wrapper\" data-shortcuts=\"0\">\n<div class=\"corresp\">[BK\u00a0221\u00a0c.\u00a02]<\/div>\n<\/div>\n<div lang=\"la\" class=\"ab ab-text\" id=\"reims-bm-672-213rb-2\">\n            <span class=\"initial-word-wrapper\"><span class=\"initial\" title=\"Initiale\">E<\/span>t<\/span> honor domino et spirituali patri nostro <span class=\"tei-choice\">iohanni<\/span><span class=\"tei-choice\" data-note-id=\"d2e896\"><\/span><a class=\"annotation-ref ssdone tei-choice relocated\" id=\"d2e896-ref\" href=\"#d2e896-content\" data-shortcuts=\"0\"><span class=\"print-only footnote-number-ref\">3<\/span><span class=\"screen-only footnote-siglum\">*<\/span><\/a> summo  <span class=\"tei-lb tei-lb-show\"><\/span> pontifici et uenerabili uniuersali pape ab omnibus con<span class=\"tei-lb tei-lb-show\"><\/span>seruetur\u00a0\u00b7 et qu\u0119 secundum sacrum mysterium suum\u00a0\u00b7 auctoritate  <span class=\"tei-lb tei-lb-show\"><\/span><br \/>\n            apostolica decreuerit\u00a0\u00b7 cum summa ueneratione ab omnibus  <span class=\"tei-lb tei-lb-show\"><\/span> suscipiatur\u00a0\u00b7 ut debita<br \/>\n            illi obedientia in omnibus conseruetur\u00a0\u00b7  <span class=\"tei-lb\"><\/span><br \/>\n         <span> \u00a0<\/span><\/div>\n<div class=\"footnotes-wrapper\">\n<div id=\"d2e896-content\" class=\"annotation-content\"><a class=\"annotation-backref ssdone\" href=\"#d2e896-ref\" data-shortcuts=\"0\"><span class=\"print-only footnote-number-backref\">3<\/span><span class=\"screen-only footnote-siglum\">*<\/span><\/a><\/p>\n<div class=\"annotation-text\"><span class=\"generated\" data-shortcuts=\"0\"> gek. <\/span><span class=\"tei-mentioned\">iohi<\/span><\/div>\n<\/div>\n<\/div>\n<div class=\"page-break\"><\/div>\n<p>         <a id=\"BK_221_3_inscriptio\" class=\"milestone milestone-chapter\"><\/a><\/p>\n<div class=\"glossa-nota-wrapper\" data-shortcuts=\"0\"><\/div>\n<div class=\"corresp-wrapper\" data-shortcuts=\"0\"><\/div>\n<div lang=\"la\" class=\"ab ab-meta-text rend-coloured\" id=\"reims-bm-672-213rb-3\"><span class=\"tei-seg tei-seg-num rend-coloured\">III<\/span>\u00a0\u00b7 <span> \u00a0<\/span><\/div>\n<p>         <a id=\"BK_221_3\" class=\"milestone milestone-chapter\"><\/a><a id=\"x-menu-d4e938\" class=\"milestone milestone-chapter\" data-shortcuts=\"0\" data-fold-menu-entry=\"1\" data-level=\"7\" data-cap-dyn-menu-caption=\"BK\u00a0221\u00a0c.\u00a03\"><\/a><\/p>\n<div class=\"glossa-nota-wrapper\" data-shortcuts=\"0\"><\/div>\n<div class=\"corresp-wrapper\" data-shortcuts=\"0\">\n<div class=\"corresp\">[BK\u00a0221\u00a0c.\u00a03]<\/div>\n<\/div>\n<div lang=\"la\" class=\"ab ab-text\" id=\"reims-bm-672-213rb-4\">\n            <span class=\"initial-word-wrapper\"><span class=\"initial\" title=\"Initiale\">E<\/span>t<\/span> licet in omnibvs obseruare uelimus\u00a0\u00b7  <span class=\"tei-lb tei-lb-show\"><\/span><br \/>\n            precipue tamen sanccimus\u00a0\u00b7 ut in terminio beatorum petri et  <span class=\"tei-lb tei-lb-show\"><\/span><br \/>\n            pauli apostolorum principum nemo in eundo et redeundo\u00a0\u00b7 uel ibi<br \/>\n             <span class=\"tei-lb tei-lb-show\"><\/span> morando aliquam uastationem et depredationem facere<br \/>\n               presumat\u00a0\u00b7  <span class=\"tei-lb tei-lb-show\"><\/span> et qu\u0119 ipsius sanct\u0119 dei \u0119cclesi\u0119 proprias\u00a0\u00b7 ne<span class=\"tei-subst\" data-note-id=\"d2e943\"><span class=\"tei-del\"><\/span><span class=\"tei-add\">mo<\/span><\/span><a class=\"annotation-ref ssdone tei-subst relocated\" id=\"d2e943-ref\" href=\"#d2e943-content\" data-shortcuts=\"0\"><span class=\"print-only footnote-number-ref\">4<\/span><span class=\"screen-only footnote-siglum\">*<\/span><\/a> aliqua iniqva machi<span class=\"tei-lb tei-lb-show\"><\/span>natione\u00a0\u00b7 sine uoluntate ipsius sacri<br \/>\n            pontificis\u00a0\u00b7 sibi uen<span class=\"tei-lb tei-lb-show\"><\/span>dicare presumat\u00a0\u00b7 quodsi quisquam<br \/>\n            fecerit\u00a0\u00b7 restitutis male  <span class=\"tei-lb tei-lb-show\"><\/span><br \/>\n            presumptis\u00a0\u00b7 immunitatem ipsius \u0119cclesi\u0119 persoluat\u00a0\u00b7 et bannum  <span class=\"tei-lb tei-lb-show\"><\/span><br \/>\n            nostrum tripliciter componat\u00a0\u00b7 <span> \u00a0<\/span><\/div>\n<div class=\"footnotes-wrapper\">\n<div id=\"d2e943-content\" class=\"annotation-content\"><a class=\"annotation-backref ssdone\" href=\"#d2e943-ref\" data-shortcuts=\"0\"><span class=\"print-only footnote-number-backref\">4<\/span><span class=\"screen-only footnote-siglum\">*<\/span><\/a><\/p>\n<div class=\"annotation-text\"><span class=\"generated\" data-shortcuts=\"0\"> korr. aus <\/span><span class=\"tei-mentioned\">neq<\/span><\/div>\n<\/div>\n<\/div>\n<div class=\"page-break\"><\/div>\n<p>         <a id=\"BK_221_4_inscriptio\" class=\"milestone milestone-chapter\"><\/a><\/p>\n<div class=\"glossa-nota-wrapper\" data-shortcuts=\"0\"><\/div>\n<div class=\"corresp-wrapper\" data-shortcuts=\"0\"><\/div>\n<div lang=\"la\" class=\"ab ab-meta-text rend-coloured\" id=\"reims-bm-672-213rb-5\"><span class=\"tei-seg tei-seg-num rend-coloured\">IIII<\/span>\u00a0\u00b7  <span class=\"tei-lb\"><\/span><br \/>\n         <span> \u00a0<\/span><\/div>\n<p>         <a id=\"BK_221_4\" class=\"milestone milestone-chapter\"><\/a><a id=\"x-menu-d4e998\" class=\"milestone milestone-chapter\" data-shortcuts=\"0\" data-fold-menu-entry=\"1\" data-level=\"7\" data-cap-dyn-menu-caption=\"BK\u00a0221\u00a0c.\u00a04\"><\/a><\/p>\n<div class=\"glossa-nota-wrapper\" data-shortcuts=\"0\"><\/div>\n<div class=\"corresp-wrapper\" data-shortcuts=\"0\">\n<div class=\"corresp\">[BK\u00a0221\u00a0c.\u00a04]<\/div>\n<\/div>\n<div lang=\"la\" class=\"ab ab-text\" id=\"reims-bm-672-213rb-6\">\n            <span class=\"initial-word-wrapper\"><span class=\"initial\" title=\"Initiale\">E<\/span>t<\/span> ecclesiasticus honor et sacerdotalis atque clericalis\u00a0\u00b7<br \/>\n               re<span class=\"tei-lb tei-lb-show\"><\/span>uerentia debita competentique sinceritatis religione  <span class=\"tei-lb tei-lb-show\"><\/span> ab<br \/>\n            omnibus amplectatur\u00a0\u00b7 et in omnibus custodiatur\u00a0\u00b7 sicut aui<br \/>\n             <span class=\"tei-lb tei-lb-show\"><\/span> et genitoris nostri monent edicta\u00a0\u00b7 <span> \u00a0<\/span><\/div>\n<div class=\"footnotes-wrapper\"><\/div>\n<div class=\"page-break\"><\/div>\n<p>         <a id=\"BK_221_5_inscriptio\" class=\"milestone milestone-chapter\"><\/a><\/p>\n<div class=\"glossa-nota-wrapper\" data-shortcuts=\"0\"><\/div>\n<div class=\"corresp-wrapper\" data-shortcuts=\"0\"><\/div>\n<div lang=\"la\" class=\"ab ab-meta-text rend-coloured\" id=\"reims-bm-672-213rb-7\"><span class=\"tei-seg tei-seg-num rend-coloured\">V<\/span><br \/>\n             <span class=\"tei-lb\"><\/span><br \/>\n         <span> \u00a0<\/span><\/div>\n<p>         <a id=\"BK_221_5\" class=\"milestone milestone-chapter\"><\/a><a id=\"x-menu-d4e1029\" class=\"milestone milestone-chapter\" data-shortcuts=\"0\" data-fold-menu-entry=\"1\" data-level=\"7\" data-cap-dyn-menu-caption=\"BK\u00a0221\u00a0c.\u00a05\"><\/a><\/p>\n<div class=\"glossa-nota-wrapper\" data-shortcuts=\"0\"><\/div>\n<div class=\"corresp-wrapper\" data-shortcuts=\"0\">\n<div class=\"corresp\">[BK\u00a0221\u00a0c.\u00a05]<\/div>\n<\/div>\n<div lang=\"la\" class=\"ab ab-text\" id=\"reims-bm-672-213rb-8\">\n            <span class=\"initial-word-wrapper\"><span class=\"initial\" title=\"Initiale\">E<\/span>t<\/span> imperialis honor ab omnibus fideliter obseruetur\u00a0\u00b7 et qve<br \/>\n             <span class=\"tei-lb tei-lb-show\"><\/span> ab eo seu per epistolam seu per legatos precipiuntur\u00a0\u00b7 a nullo impv<span class=\"tei-lb tei-lb-show\"><\/span>ne audeat uiolari <span> \u00a0<\/span><\/div>\n<div class=\"footnotes-wrapper\"><\/div>\n<div class=\"page-break\"><\/div>\n<p>         <a id=\"BK_221_6_inscriptio\" class=\"milestone milestone-chapter\"><\/a><\/p>\n<div class=\"glossa-nota-wrapper\" data-shortcuts=\"0\"><\/div>\n<div class=\"corresp-wrapper\" data-shortcuts=\"0\"><\/div>\n<div lang=\"la\" class=\"ab ab-meta-text rend-coloured\" id=\"reims-bm-672-213rb-9\"><span class=\"tei-seg tei-seg-num rend-coloured\">VI<\/span><br \/>\n             <span class=\"tei-lb\"><\/span><br \/>\n         <span> \u00a0<\/span><\/div>\n<p>         <a id=\"BK_221_6\" class=\"milestone milestone-chapter\"><\/a><a id=\"x-menu-d4e1052\" class=\"milestone milestone-chapter\" data-shortcuts=\"0\" data-fold-menu-entry=\"1\" data-level=\"7\" data-cap-dyn-menu-caption=\"BK\u00a0221\u00a0c.\u00a06\"><\/a><\/p>\n<div class=\"glossa-nota-wrapper\" data-shortcuts=\"0\"><\/div>\n<div class=\"corresp-wrapper\" data-shortcuts=\"0\">\n<div class=\"corresp\">[BK\u00a0221\u00a0c.\u00a06]<\/div>\n<\/div>\n<div lang=\"la\" class=\"ab ab-text\" id=\"reims-bm-672-213rb-10\">\n            <span class=\"initial-word-wrapper\"><span class=\"initial\" title=\"Initiale\">E<\/span>t<\/span> episcopi ministerium suum\u00a0\u00b7 secundum sacros et spiritu<br \/>\n            sancto promulgatos  <span class=\"tei-lb tei-lb-show\"><\/span> canones peragant\u00a0\u00b7 parrochias suas absque alicuius impe<span class=\"tei-lb tei-lb-show\"><\/span>dimento\u00a0\u00b7 predicando corrigendo et confirmando circumeant\u00a0\u00b7  <span class=\"tei-lb tei-lb-show\"><\/span> et in hoc agendo nullus eis contraire\u00a0\u00b7 et quod ad ministerium  <span class=\"tei-lb tei-lb-show\"><\/span> illorum<br \/>\n            pertinet contradicere in ipsis parrochiis audeat\u00a0\u00b7 uel  <span class=\"tei-lb tei-lb-show\"><\/span> eis exinde aliquam<br \/>\n            molestiam inferat\u00a0\u00b7 sed adiutor si oportue<span class=\"tei-lb tei-lb-show\"><\/span>rit inuitatus a pontifice<br \/>\n            quisque \u0119cclesi\u0119 filius existat\u00a0\u00b7 ut lice<span class=\"tei-lb tei-lb-show\"><\/span>at eis criminalia scelera\u00a0\u00b7 et<br \/>\n            alia queque corrigenda inquire<span class=\"tei-lb tei-lb-show\"><\/span>re\u00a0\u00b7 discutere et diiudicare canonice\u00a0\u00b7<br \/>\n            Quod qui temerare <span class=\"tei-mod\" data-note-id=\"d2e1042\">proter<\/span><span class=\"tei-lb tei-lb-show\"><\/span>ue<a class=\"annotation-ref ssdone tei-mod relocated\" id=\"d2e1042-ref\" href=\"#d2e1042-content\" data-shortcuts=\"0\"><span class=\"print-only footnote-number-ref\">5<\/span><span class=\"screen-only footnote-siglum\">*<\/span><\/a> presumpserit\u00a0\u00b7<br \/>\n            triplicem legem\u00a0\u00b7 et triplex bannum nostrum persolvat\u00a0\u00b7  <span class=\"tei-lb\"><\/span><br \/>\n         <span> \u00a0<\/span><\/div>\n<div class=\"footnotes-wrapper\">\n<div id=\"d2e1042-content\" class=\"annotation-content\"><a class=\"annotation-backref ssdone\" href=\"#d2e1042-ref\" data-shortcuts=\"0\"><span class=\"print-only footnote-number-backref\">5<\/span><span class=\"screen-only footnote-siglum\">*<\/span><\/a><\/p>\n<div class=\"annotation-text\"><span class=\"tei-mentioned\">proter<\/span><span class=\"generated\" data-shortcuts=\"0\"> korr. (?)<\/span><\/div>\n<\/div>\n<\/div>\n<div class=\"page-break\"><\/div>\n<p>         <a id=\"BK_221_7_inscriptio\" class=\"milestone milestone-chapter\"><\/a><\/p>\n<div class=\"glossa-nota-wrapper\" data-shortcuts=\"0\"><\/div>\n<div class=\"corresp-wrapper\" data-shortcuts=\"0\"><\/div>\n<div lang=\"la\" class=\"ab ab-meta-text rend-coloured\" id=\"reims-bm-672-213rb-11\"><span class=\"tei-seg tei-seg-num rend-coloured\">VII<\/span><br \/>\n         <span> \u00a0<\/span><\/div>\n<p>         <a id=\"BK_221_7\" class=\"milestone milestone-chapter\"><\/a><a id=\"x-menu-d4e1099\" class=\"milestone milestone-chapter\" data-shortcuts=\"0\" data-fold-menu-entry=\"1\" data-level=\"7\" data-cap-dyn-menu-caption=\"BK\u00a0221\u00a0c.\u00a07\"><\/a><\/p>\n<div class=\"glossa-nota-wrapper\" data-shortcuts=\"0\"><\/div>\n<div class=\"corresp-wrapper\" data-shortcuts=\"0\">\n<div class=\"corresp\">[BK\u00a0221\u00a0c.\u00a07]<\/div>\n<\/div>\n<div lang=\"la\" class=\"ab ab-text\" id=\"reims-bm-672-213rb-12\">\n            <span class=\"initial-word-wrapper\"><span class=\"initial\" title=\"Initiale\">E<\/span>t<\/span> episcopi secundum sacram iussionem domini nostri iesu<br \/>\n            christi  <span class=\"tei-lb tei-lb-show\"><\/span><br \/>\n            predicationem per se uel per suos congruenter excerceant\u00a0\u00b7 et pres<span class=\"tei-lb tei-lb-show\"><\/span>biteros suos ut similiter faciant instruere procurent\u00a0\u00b7 et ut secu<span class=\"tei-lb tei-lb-show\"><\/span>lares laici\u00a0\u00b7 diebus festis qui in ciuitate sunt ad publicas sta<span class=\"tei-lb tei-lb-show\"><\/span>tiones occurrant\u00a0\u00b7 et qui in uillis et possessionibus sunt\u00a0\u00b7 ad  <span class=\"tei-lb tei-lb-show\"><\/span><br \/>\n            publicum officium in plebem festinent\u00a0\u00b7 et nullus latibulosa in  <span class=\"tei-lb tei-lb-show\"><\/span> suis domibus<br \/>\n            missarum officia celebrare presumat\u00a0\u00b7 sine sui ra<span class=\"tei-lb tei-lb-show\"><\/span>cionabili licentia episcopi\u00a0\u00b7 <span> \u00a0<\/span><\/div>\n<div class=\"footnotes-wrapper\"><\/div>\n<div class=\"page-break\"><\/div>\n<p>         <a id=\"BK_221_8_inscriptio\" class=\"milestone milestone-chapter\"><\/a><\/p>\n<div class=\"glossa-nota-wrapper\" data-shortcuts=\"0\"><\/div>\n<div class=\"corresp-wrapper\" data-shortcuts=\"0\"><\/div>\n<div lang=\"la\" class=\"ab ab-meta-text rend-coloured\" id=\"reims-bm-672-213rb-13\"><span class=\"tei-seg tei-seg-num rend-coloured\">VIII<\/span><br \/>\n             <span class=\"tei-lb\"><\/span><br \/>\n         <span> \u00a0<\/span><\/div>\n<p>         <a id=\"BK_221_8\" class=\"milestone milestone-chapter\"><\/a><a id=\"x-menu-d4e1133\" class=\"milestone milestone-chapter\" data-shortcuts=\"0\" data-fold-menu-entry=\"1\" data-level=\"7\" data-cap-dyn-menu-caption=\"BK\u00a0221\u00a0c.\u00a08\"><\/a><\/p>\n<div class=\"glossa-nota-wrapper\" data-shortcuts=\"0\"><\/div>\n<div class=\"corresp-wrapper\" data-shortcuts=\"0\">\n<div class=\"corresp\">[BK\u00a0221\u00a0c.\u00a08]<\/div>\n<\/div>\n<div lang=\"la\" class=\"ab ab-text\" id=\"reims-bm-672-213rb-14\">\n            <span class=\"initial-word-wrapper\"><span class=\"initial\" title=\"Initiale\">E<\/span>t<\/span> episcopi in ciuitatibus suis proximum ecclesi\u0119 su\u0119<br \/>\n            claustrum insti<span class=\"tei-lb tei-lb-show\"><\/span>tuant\u00a0\u00b7 in quo ipsi cum clero secundum canonicam regulam<br \/>\n             <span class=\"tei-lb tei-lb-show\"><\/span> deo militent et sacerdotes suos ad hoc constringant\u00a0\u00b7 ut \u0119cclesias  <span class=\"tei-lb tei-lb-show\"><\/span> suas non<br \/>\n            relinquant\u00a0\u00b7 et alicubi habitare presumant\u00a0\u00b7 Sin etiam  <span class=\"tei-lb tei-lb-show\"><\/span> subiecti<br \/>\n            episcopo proprio\u00a0\u00b7 secundum canonicam auctoritatem\u00a0\u00b7 nec per contu<span class=\"tei-lb tei-lb-show\"><\/span>matiam<br \/>\n            ab eorum potestate dissiliant\u00a0\u00b7 neque seculari potestati  <span class=\"tei-lb tei-lb-show\"><\/span> ad hoc eis commendare se<br \/>\n            liceat\u00a0\u00b7 aut eos quilibet recipere audeat\u00a0\u00b7  <span class=\"tei-lb tei-lb-show\"><\/span> ut contra canonicas leges et debitam<br \/>\n            episcopi potestatem\u00a0\u00b7 quodammodo  <span class=\"tei-lb tei-lb-show\"><\/span> defensentur\u00a0\u00b7 Huiusmodi uero sacerdotes<br \/>\n            episcopalis ilico censura\u00a0\u00b7  <span class=\"tei-lb tei-lb-show\"><\/span> disciplinis ecclesiasticis subdat\u00a0\u00b7 nec fas est omnium<br \/>\n            eorum sollici<span class=\"tei-lb tei-lb-show\"><\/span>tudinem episcopos non gerere\u00a0\u00b7 quibus in<br \/>\n               committendis sacris ordinibus  <span class=\"tei-lb tei-lb-show\"><\/span> uisum est<br \/>\n               communicasse\u00a0\u00b7 <span> \u00a0<\/span><\/div>\n<div class=\"footnotes-wrapper\"><\/div>\n<div class=\"page-break\"><\/div>\n<p>         <a id=\"BK_221_9_inscriptio\" class=\"milestone milestone-chapter\"><\/a><\/p>\n<div class=\"glossa-nota-wrapper\" data-shortcuts=\"0\"><\/div>\n<div class=\"corresp-wrapper\" data-shortcuts=\"0\"><\/div>\n<div lang=\"la\" class=\"ab ab-meta-text rend-coloured\" id=\"reims-bm-672-213rb-15\"><span class=\"tei-seg tei-seg-num rend-coloured\">VIIII<\/span>\u00a0\u00b7  <span class=\"tei-lb\"><\/span><br \/>\n         <span> \u00a0<\/span><\/div>\n<p>         <a id=\"BK_221_9\" class=\"milestone milestone-chapter\"><\/a><a id=\"x-menu-d4e1179\" class=\"milestone milestone-chapter\" data-shortcuts=\"0\" data-fold-menu-entry=\"1\" data-level=\"7\" data-cap-dyn-menu-caption=\"BK\u00a0221\u00a0c.\u00a09\"><\/a><\/p>\n<div class=\"glossa-nota-wrapper\" data-shortcuts=\"0\"><\/div>\n<div class=\"corresp-wrapper\" data-shortcuts=\"0\">\n<div class=\"corresp\">[BK\u00a0221\u00a0c.\u00a09]<\/div>\n<\/div>\n<div lang=\"la\" class=\"ab ab-text\" id=\"reims-bm-672-213rb-16\">\n            <span class=\"initial-word-wrapper\"><span class=\"initial\" title=\"Initiale\">E<\/span>t<\/span> a domibus sacerdotum propter male opinionis famam  <span class=\"tei-lb tei-lb-show\"><\/span><br \/>\n            habitatio feminarum penitus tollatur\u00a0\u00b7 neque illi in domos  <span class=\"tei-lb tei-lb-show\"><\/span> earum intrare<br \/>\n            indiscrete presumant\u00a0\u00b7 ne nomen dei quod absit per  <span class=\"tei-lb tei-lb-show\"><\/span> illos<br \/>\n            blasphemetur\u00a0\u00b7 per quos laudari pie et iugiter debet\u00a0\u00b7 Vena<span class=\"tei-lb tei-lb-show\"><\/span>tionem quoque<br \/>\n            nullus tam sacri ordinis exercere presumat neque  <span class=\"tei-lb tei-lb-show\"><\/span> arma militaria pro<br \/>\n               qualicumque seditione portare audeat aut  <span class=\"tei-lb tei-lb-show\"><\/span> habitum quemlibet<br \/>\n            tantum apicem sacerdotii non decentem  <span class=\"tei-lb tei-lb-show\"><\/span> assumat\u00a0\u00b7  <span class=\"tei-cb\"><\/span><span class=\"folio\" data-shortcuts=\"0\">[fol.\u00a0213va]<\/span><br \/>\n         <span> \u00a0<\/span><\/div>\n<div class=\"footnotes-wrapper\"><\/div>\n<div class=\"page-break\"><\/div>\n<p>         <a id=\"BK_221_10_inscriptio\" class=\"milestone milestone-chapter\"><\/a><\/p>\n<div class=\"glossa-nota-wrapper\" data-shortcuts=\"0\"><\/div>\n<div class=\"corresp-wrapper\" data-shortcuts=\"0\"><\/div>\n<div lang=\"la\" class=\"ab ab-meta-text rend-coloured\" id=\"reims-bm-672-213va-1\">\u00a0\u00b7 <span class=\"tei-seg tei-seg-numDenom rend-coloured\"><span class=\"tei-choice\">capitulum<\/span><span class=\"tei-choice\" data-note-id=\"d2e1165\"><\/span><\/span><a class=\"annotation-ref ssdone tei-choice relocated\" id=\"d2e1165-ref\" href=\"#d2e1165-content\" data-shortcuts=\"0\"><span class=\"print-only footnote-number-ref\">6<\/span><span class=\"screen-only footnote-siglum\">*<\/span><\/a>\u00a0\u00b7 <span class=\"tei-seg tei-seg-num rend-coloured\">X<\/span>\u00a0\u00b7 <span> \u00a0<\/span><\/div>\n<p>         <a id=\"BK_221_10\" class=\"milestone milestone-chapter\"><\/a><a id=\"x-menu-d4e1227\" class=\"milestone milestone-chapter\" data-shortcuts=\"0\" data-fold-menu-entry=\"1\" data-level=\"7\" data-cap-dyn-menu-caption=\"BK\u00a0221\u00a0c.\u00a010\"><\/a><\/p>\n<div class=\"glossa-nota-wrapper\" data-shortcuts=\"0\"><\/div>\n<div class=\"corresp-wrapper\" data-shortcuts=\"0\">\n<div class=\"corresp\">[BK\u00a0221\u00a0c.\u00a010]<\/div>\n<\/div>\n<div lang=\"la\" class=\"ab ab-text\" id=\"reims-bm-672-213va-2\">\n            <span class=\"initial-word-wrapper\"><span class=\"initial\" title=\"Initiale\">V<\/span>t<\/span> res \u0119cclesiasticas tam mobiles quam et immobiles\u00a0\u00b7 nemo<br \/>\n             <span class=\"tei-lb tei-lb-show\"><\/span> inuadere uel auferre presumat\u00a0\u00b7 et qu\u0119 a rectoribus \u0119cclesi\u0119  <span class=\"tei-lb tei-lb-show\"><\/span><br \/>\n            hactenus ob timorem uel fauorem alicui libellario uel enfiteote<span class=\"tei-lb tei-lb-show\"><\/span>cario<br \/>\n            iure dolose uel cum dampni detrimento \u0119cclesi\u0119 amisse  <span class=\"tei-lb tei-lb-show\"><\/span> uidentur\u00a0\u00b7 ad<br \/>\n               <span class=\"tei-sic\">pristunum\u00a0<span data-shortcuts=\"0\">[!]<\/span><\/span> ius reuertantur\u00a0\u00b7 quatinus liceat illis  <span class=\"tei-lb tei-lb-show\"><\/span> quibus earum cura<br \/>\n            commissa est\u00a0\u00b7 quieto et pacifico ordine  <span class=\"tei-lb tei-lb-show\"><\/span> eas tenere\u00a0\u00b7 et pro nobis ac regno nobis<br \/>\n            a deo commisso orare\u00a0\u00b7  <span class=\"tei-lb tei-lb-show\"><\/span> pauperibusque debita stipendia erogare\u00a0\u00b7 familiam \u0119cclesi\u0119<br \/>\n            iuste et  <span class=\"tei-lb tei-lb-show\"><\/span> rationabiliter regere et gubernare\u00a0\u00b7 Transgressoribus autem indici<span class=\"tei-lb tei-lb-show\"><\/span>mus iniuste presumpta restituere\u00a0\u00b7 et sicut superius<br \/>\n               prefixum est  <span class=\"tei-lb tei-lb-show\"><\/span> triplicem legem\u00a0\u00b7 et triplex bannum nostrum<br \/>\n            persoluere\u00a0\u00b7 <span> \u00a0<\/span><\/div>\n<div class=\"footnotes-wrapper\">\n<div id=\"d2e1165-content\" class=\"annotation-content\"><a class=\"annotation-backref ssdone\" href=\"#d2e1165-ref\" data-shortcuts=\"0\"><span class=\"print-only footnote-number-backref\">6<\/span><span class=\"screen-only footnote-siglum\">*<\/span><\/a><\/p>\n<div class=\"annotation-text\"><span class=\"generated\" data-shortcuts=\"0\"> gek. <\/span><span class=\"tei-mentioned rend-coloured\">c<\/span><\/div>\n<\/div>\n<\/div>\n<div class=\"page-break\"><\/div>\n<p>         <a id=\"BK_221_11_inscriptio\" class=\"milestone milestone-chapter\"><\/a><\/p>\n<div class=\"glossa-nota-wrapper\" data-shortcuts=\"0\"><\/div>\n<div class=\"corresp-wrapper\" data-shortcuts=\"0\"><\/div>\n<div lang=\"la\" class=\"ab ab-meta-text rend-coloured\" id=\"reims-bm-672-213va-3\"><span class=\"tei-seg tei-seg-num rend-coloured\">XI<\/span><br \/>\n             <span class=\"tei-lb\"><\/span><br \/>\n         <span> \u00a0<\/span><\/div>\n<p>         <a id=\"BK_221_11\" class=\"milestone milestone-chapter\"><\/a><a id=\"x-menu-d4e1276\" class=\"milestone milestone-chapter\" data-shortcuts=\"0\" data-fold-menu-entry=\"1\" data-level=\"7\" data-cap-dyn-menu-caption=\"BK\u00a0221\u00a0c.\u00a011\"><\/a><\/p>\n<div class=\"glossa-nota-wrapper\" data-shortcuts=\"0\"><\/div>\n<div class=\"corresp-wrapper\" data-shortcuts=\"0\">\n<div class=\"corresp\">[BK\u00a0221\u00a0c.\u00a011]<\/div>\n<\/div>\n<div lang=\"la\" class=\"ab ab-text\" id=\"reims-bm-672-213va-4\">\n            <span class=\"initial-word-wrapper\"><span class=\"initial\" title=\"Initiale\">U<\/span>t<\/span> decime conlaborationum et animalium secundum sacra<br \/>\n               precepta<br \/>\n             <span class=\"tei-lb tei-lb-show\"><\/span> domino absque fraude et aliqua retractatione offerantur\u00a0\u00b7 et in po<span class=\"tei-lb tei-lb-show\"><\/span>testate episcopi maneat\u00a0\u00b7 qualiter a presbiteris dispensentur canonice<br \/>\n            et ut  <span class=\"tei-lb tei-lb-show\"><\/span> \u0119cclesias baptismales\u00a0\u00b7 quas plebes appellant secundum antiquam consu<span class=\"tei-lb tei-lb-show\"><\/span>etudinem \u0119cclesi\u0119 filii instaurent\u00a0\u00b7 <span> \u00a0<\/span><\/div>\n<div class=\"footnotes-wrapper\"><\/div>\n<div class=\"page-break\"><\/div>\n<p>         <a id=\"BK_221_12_inscriptio\" class=\"milestone milestone-chapter\"><\/a><\/p>\n<div class=\"glossa-nota-wrapper\" data-shortcuts=\"0\"><\/div>\n<div class=\"corresp-wrapper\" data-shortcuts=\"0\"><\/div>\n<div lang=\"la\" class=\"ab ab-meta-text rend-coloured\" id=\"reims-bm-672-213va-5\"><span class=\"tei-seg tei-seg-num rend-coloured\">XII<\/span>\u00a0\u00b7  <span class=\"tei-lb\"><\/span><br \/>\n         <span> \u00a0<\/span><\/div>\n<p>         <a id=\"BK_221_12\" class=\"milestone milestone-chapter\"><\/a><a id=\"x-menu-d4e1304\" class=\"milestone milestone-chapter\" data-shortcuts=\"0\" data-fold-menu-entry=\"1\" data-level=\"7\" data-cap-dyn-menu-caption=\"BK\u00a0221\u00a0c.\u00a012\"><\/a><\/p>\n<div class=\"glossa-nota-wrapper\" data-shortcuts=\"0\"><\/div>\n<div class=\"corresp-wrapper\" data-shortcuts=\"0\">\n<div class=\"corresp\">[BK\u00a0221\u00a0c.\u00a012]<\/div>\n<\/div>\n<div lang=\"la\" class=\"ab ab-text\" id=\"reims-bm-672-213va-6\">\n            <span class=\"initial-word-wrapper\"><span class=\"initial\" title=\"Initiale\">V<\/span>t<\/span> episcopi et comites et uasos nostros in parrochia eorum<br \/>\n            manentes\u00a0\u00b7  <span class=\"tei-lb tei-lb-show\"><\/span> paterno amore secundum ecclesiasticum ministerium diligant\u00a0\u00b7 ipsius<br \/>\n             <span class=\"tei-lb tei-lb-show\"><\/span> comites et uasalli seu reliqua generalitas\u00a0\u00b7 predictos episcopos ut<br \/>\n            sanctos  <span class=\"tei-lb tei-lb-show\"><\/span> patres honorent\u00a0\u00b7 et uenerentur\u00a0\u00b7 et ad ministerium illorum peragendum<br \/>\n             <span class=\"tei-lb tei-lb-show\"><\/span> ubicumque potuerint eos adiuuare decertent\u00a0\u00b7 Si uero quod non op<span class=\"tei-lb tei-lb-show\"><\/span>tamus eis infesti\u00a0\u00b7 quominus que dei sunt exercere reperti fuerint  <span class=\"tei-lb tei-lb-show\"><\/span> aut ipsi<br \/>\n            contra leges officia sua uiolauerint\u00a0\u00b7 et eos quos uene<span class=\"tei-lb tei-lb-show\"><\/span>rari debent<br \/>\n            inquietauerint\u00a0\u00b7 secundum capitulare aui et genito<span class=\"tei-lb tei-lb-show\"><\/span>ris nostri emendent\u00a0\u00b7 Qualiter quoque <span class=\"tei-choice\">presbiteros<\/span><span class=\"tei-choice\" data-note-id=\"d2e1274\"><\/span><a class=\"annotation-ref ssdone tei-choice relocated\" id=\"d2e1274-ref\" href=\"#d2e1274-content\" data-shortcuts=\"0\"><span class=\"print-only footnote-number-ref\">7<\/span><span class=\"screen-only footnote-siglum\">*<\/span><\/a> aut reliquos gradus  <span class=\"tei-lb tei-lb-show\"><\/span> honorent\u00a0\u00b7 ipsius capitularis forma doceantur\u00a0\u00b7 Ipsi<br \/>\n               nichil<span class=\"tei-lb tei-lb-show\"><\/span>ominus episcopi singuli in suo episcopi<span class=\"tei-subst\" data-note-id=\"d2e1282\"><span class=\"tei-del\"><\/span><span class=\"tei-add\">o<\/span><\/span><a class=\"annotation-ref ssdone tei-subst relocated\" id=\"d2e1282-ref\" href=\"#d2e1282-content\" data-shortcuts=\"0\"><span class=\"print-only footnote-number-ref\">8<\/span><span class=\"screen-only footnote-siglum\">*<\/span><\/a> missatici nostri potestate  <span class=\"tei-lb tei-lb-show\"><\/span> et auctoritate fungantur <span> \u00a0<\/span><\/div>\n<div class=\"footnotes-wrapper\">\n<div id=\"d2e1274-content\" class=\"annotation-content\"><a class=\"annotation-backref ssdone\" href=\"#d2e1274-ref\" data-shortcuts=\"0\"><span class=\"print-only footnote-number-backref\">7<\/span><span class=\"screen-only footnote-siglum\">*<\/span><\/a><\/p>\n<div class=\"annotation-text\"><span class=\"generated\" data-shortcuts=\"0\"> gek. <\/span><span class=\"tei-mentioned\">pros<\/span><\/div>\n<\/div>\n<div id=\"d2e1282-content\" class=\"annotation-content\"><a class=\"annotation-backref ssdone\" href=\"#d2e1282-ref\" data-shortcuts=\"0\"><span class=\"print-only footnote-number-backref\">8<\/span><span class=\"screen-only footnote-siglum\">*<\/span><\/a><\/p>\n<div class=\"annotation-text\"><span class=\"generated\" data-shortcuts=\"0\"> korr. aus <\/span><span class=\"tei-mentioned\">episcopii<\/span><\/div>\n<\/div>\n<\/div>\n<div class=\"page-break\"><\/div>\n<p>         <a id=\"BK_221_13_inscriptio\" class=\"milestone milestone-chapter\"><\/a><\/p>\n<div class=\"glossa-nota-wrapper\" data-shortcuts=\"0\"><\/div>\n<div class=\"corresp-wrapper\" data-shortcuts=\"0\"><\/div>\n<div lang=\"la\" class=\"ab ab-meta-text rend-coloured\" id=\"reims-bm-672-213va-7\"><span class=\"tei-seg tei-seg-num rend-coloured\">XIII<\/span><br \/>\n             <span class=\"tei-lb\"><\/span><br \/>\n         <span> \u00a0<\/span><\/div>\n<p>         <a id=\"BK_221_13\" class=\"milestone milestone-chapter\"><\/a><a id=\"x-menu-d4e1372\" class=\"milestone milestone-chapter\" data-shortcuts=\"0\" data-fold-menu-entry=\"1\" data-level=\"7\" data-cap-dyn-menu-caption=\"BK\u00a0221\u00a0c.\u00a013\"><\/a><\/p>\n<div class=\"glossa-nota-wrapper\" data-shortcuts=\"0\"><\/div>\n<div class=\"corresp-wrapper\" data-shortcuts=\"0\">\n<div class=\"corresp\">[BK\u00a0221\u00a0c.\u00a013]<\/div>\n<\/div>\n<div lang=\"la\" class=\"ab ab-text\" id=\"reims-bm-672-213va-8\">\n            <span class=\"initial-word-wrapper\"><span class=\"initial\" title=\"Initiale\">U<\/span>t<\/span> episcopi et comites in suis ministeriis commorantes\u00a0\u00b7 in<br \/>\n            suis  <span class=\"tei-lb tei-lb-show\"><\/span> consistant domibus cum suis uasallis\u00a0\u00b7 neque presumant<br \/>\n             <span class=\"tei-lb tei-lb-show\"><\/span> occasione hospicii\u00a0\u00b7 in pauperis cuiuspiam uicini domo\u00a0\u00b7 nisi roga<span class=\"tei-lb tei-lb-show\"><\/span><span class=\"tei-mod\" data-note-id=\"d2e1309\">ti com<\/span>morari<a class=\"annotation-ref ssdone tei-mod relocated\" id=\"d2e1309-ref\" href=\"#d2e1309-content\" data-shortcuts=\"0\"><span class=\"print-only footnote-number-ref\">9<\/span><span class=\"screen-only footnote-siglum\">*<\/span><\/a>\u00a0\u00b7 quia ob hoc maxime depredationes et<br \/>\n            discordias  <span class=\"tei-lb tei-lb-show\"><\/span> hactenus pullulasse manifestum est\u00a0\u00b7 Preuideant quoque secundum mi<span class=\"tei-lb tei-lb-show\"><\/span>nisterium unusquisque suum\u00a0\u00b7 ne in potestate illorum pred\u0119<br \/>\n            et deuasta<span class=\"tei-lb tei-lb-show\"><\/span>tiones fiant\u00a0\u00b7 Et si aliqui hoc facere temptauerint\u00a0\u00b7 omni sua<br \/>\n               uir<span class=\"tei-lb tei-lb-show\"><\/span>tute illis resistant\u00a0\u00b7 et si ipsi per se constringere illos ad<br \/>\n               emendatio<span class=\"tei-lb tei-lb-show\"><\/span>nem non potuerint\u00a0\u00b7 constitutis missis nostris renuncient\u00a0\u00b7<br \/>\n            et ut  <span class=\"tei-lb tei-lb-show\"><\/span> ipsorum iudicio legaliter secundum <span class=\"tei-sic\">capitalare\u00a0<span data-shortcuts=\"0\">[!]<\/span><\/span><br \/>\n            aui et genitoris nostri<br \/>\n             <span class=\"tei-lb tei-lb-show\"><\/span> emendentur Quodsi et ipsi hoc emendare nequiuerint\u00a0\u00b7 ad nostram  <span class=\"tei-lb tei-lb-show\"><\/span> noticiam<br \/>\n            perducant\u00a0\u00b7 <span> \u00a0<\/span><\/div>\n<div class=\"footnotes-wrapper\">\n<div id=\"d2e1309-content\" class=\"annotation-content\"><a class=\"annotation-backref ssdone\" href=\"#d2e1309-ref\" data-shortcuts=\"0\"><span class=\"print-only footnote-number-backref\">9<\/span><span class=\"screen-only footnote-siglum\">*<\/span><\/a><\/p>\n<div class=\"annotation-text\"><span class=\"tei-mentioned\">ti com<\/span><span class=\"generated\" data-shortcuts=\"0\"> korr. (?)<\/span><\/div>\n<\/div>\n<\/div>\n<div class=\"page-break\"><\/div>\n<p>         <a id=\"BK_221_14_inscriptio\" class=\"milestone milestone-chapter\"><\/a><\/p>\n<div class=\"glossa-nota-wrapper\" data-shortcuts=\"0\"><\/div>\n<div class=\"corresp-wrapper\" data-shortcuts=\"0\"><\/div>\n<div lang=\"la\" class=\"ab ab-meta-text rend-coloured\" id=\"reims-bm-672-213va-9\"><span class=\"tei-seg tei-seg-num rend-coloured\">XIIII<\/span>\u00a0\u00b7  <span class=\"tei-lb\"><\/span><br \/>\n         <span> \u00a0<\/span><\/div>\n<p>         <a id=\"BK_221_14\" class=\"milestone milestone-chapter\"><\/a><a id=\"x-menu-d4e1436\" class=\"milestone milestone-chapter\" data-shortcuts=\"0\" data-fold-menu-entry=\"1\" data-level=\"7\" data-cap-dyn-menu-caption=\"BK\u00a0221\u00a0c.\u00a014\"><\/a><\/p>\n<div class=\"glossa-nota-wrapper\" data-shortcuts=\"0\"><\/div>\n<div class=\"corresp-wrapper\" data-shortcuts=\"0\">\n<div class=\"corresp\">[BK\u00a0221\u00a0c.\u00a014]<\/div>\n<\/div>\n<div lang=\"la\" class=\"ab ab-text\" id=\"reims-bm-672-213va-10\">\n            <span class=\"initial-word-wrapper\"><span class=\"initial\" title=\"Initiale\">V<\/span>t<\/span> quotiens diuinum iudicium aliquem \u0119cclesi\u0119<br \/>\n               presulem a seculo uo<span class=\"tei-lb tei-lb-show\"><\/span>cauerit\u00a0\u00b7 nullus ad suimet<br \/>\n            perditionem facultates eius inuadat  <span class=\"tei-lb tei-lb-show\"><\/span> diripiat\u00a0\u00b7 et ad suos usus transferat\u00a0\u00b7 sed<br \/>\n            erogatariis et elemosinariis  <span class=\"tei-lb tei-lb-show\"><\/span> ecclesiasticis\u00a0\u00b7 cum ipsius \u0119cclesi\u0119 constituto<br \/>\n            equonomo\u00a0\u00b7 liberum sit  <span class=\"tei-lb tei-lb-show\"><\/span> canonico more iuste racionabiliterque deputata<br \/>\n               <span class=\"tei-sic\">successuro\u00a0<span data-shortcuts=\"0\">[!]<\/span><\/span> reser<span class=\"tei-lb tei-lb-show\"><\/span>uare\u00a0\u00b7 uel quibuscumque sicut expedit pro<br \/>\n            eius spiritu distribuere\u00a0\u00b7  <span class=\"tei-lb tei-lb-show\"><\/span> quod qui iniqua cupiditate transgredi<br \/>\n               presumpserit\u00a0\u00b7 ut superius  <span class=\"tei-lb tei-lb-show\"><\/span><br \/>\n            prelibatum est\u00a0\u00b7 inrefragabiliter multetur\u00a0\u00b7 <span> \u00a0<\/span><\/div>\n<div class=\"footnotes-wrapper\"><\/div>\n<div class=\"page-break\"><\/div>\n<p>         <a id=\"BK_221_15_inscriptio\" class=\"milestone milestone-chapter\"><\/a><\/p>\n<div class=\"glossa-nota-wrapper\" data-shortcuts=\"0\"><\/div>\n<div class=\"corresp-wrapper\" data-shortcuts=\"0\"><\/div>\n<div lang=\"la\" class=\"ab ab-meta-text rend-coloured\" id=\"reims-bm-672-213va-11\">\u00a0\u00b7 <span class=\"tei-seg tei-seg-num rend-coloured\">XV<\/span>\u00a0\u00b7  <span class=\"tei-lb\"><\/span><br \/>\n         <span> \u00a0<\/span><\/div>\n<p>         <a id=\"BK_221_15\" class=\"milestone milestone-chapter\"><\/a><a id=\"x-menu-d4e1480\" class=\"milestone milestone-chapter\" data-shortcuts=\"0\" data-fold-menu-entry=\"1\" data-level=\"7\" data-cap-dyn-menu-caption=\"BK\u00a0221\u00a0c.\u00a015\"><\/a><\/p>\n<div class=\"glossa-nota-wrapper\" data-shortcuts=\"0\"><\/div>\n<div class=\"corresp-wrapper\" data-shortcuts=\"0\">\n<div class=\"corresp\">[BK\u00a0221\u00a0c.\u00a015]<\/div>\n<\/div>\n<div lang=\"la\" class=\"ab ab-text\" id=\"reims-bm-672-213va-12\">\n            <span class=\"initial-word-wrapper\"><span class=\"initial\" title=\"Initiale\">U<\/span>t<\/span> nemo fidelium nostrorum quodammodo aliquem celet\u00a0\u00b7 quem<br \/>\n             <span class=\"tei-lb tei-lb-show\"><\/span> nostrum scierit infidelem esse\u00a0\u00b7 neque sustentationem ei quamcumque<br \/>\n             <span class=\"tei-lb tei-lb-show\"><\/span> prestare pertemptet\u00a0\u00b7 si eum ad nostram fidelitatem reuocare nequi<span class=\"tei-lb tei-lb-show\"><\/span>uerit\u00a0\u00b7 Quicumque autem contra h\u0119c fecerit\u00a0\u00b7 <span class=\"tei-sic\">prodecessorum\u00a0<span data-shortcuts=\"0\">[!]<\/span><\/span> nostrorum et<br \/>\n             <span class=\"tei-lb tei-lb-show\"><\/span> progenitorum iudicium experietur\u00a0\u00b7  <span class=\"tei-lb\"><\/span><br \/>\n         <span> \u00a0<\/span><\/div>\n<div class=\"footnotes-wrapper\"><\/div>\n<div class=\"page-break\"><\/div>\n<div class=\"page-break\"><\/div>\n<\/div>\n<\/div>\n<\/div>\n<\/div>\n<p><br \/>\n<\/p>\n<div class=\"xsl-output\">\n<div class=\"tei-TEI mss-footer-xsl transkription-footer\">\n<h4 id=\"info\">Notes<\/h4>\n<div id=\"legend\">\n<h5>Key<\/h5>\n<table>\n<col class=\"legend-col-1\">\n<col class=\"legend-col-2\">\n<tr>\n<th>Symbols used<\/th>\n<th>Meaning<\/th>\n<\/tr>\n<tr>\n<td>\u00b7\u2003\u02d9\u2003:\u2003.&#8217;\u2003\/<br \/>\n               \u00b7,\u00b7\u2003:\/\u2003,\u2003;\u2003\u2234<\/td>\n<td>Punctuation (as used in<br \/>\n               the mss.)<\/td>\n<\/tr>\n<tr>\n<td><sup>*<\/sup><\/td>\n<td>Footnote (text<br \/>\n               of note appears on mouseover)<\/td>\n<\/tr>\n<tr>\n<td>Bold type (words, phrases)<\/td>\n<td>Rubrics, headings;<br \/>\n               differently rendered by using another font or other visual features<\/td>\n<\/tr>\n<tr>\n<td>Bold type (single letters)<\/td>\n<td>Initials<\/td>\n<\/tr>\n<tr>\n<td>Red<\/td>\n<td>Use of coloured ink<br \/>\n               (of any kind)<\/td>\n<\/tr>\n<tr>\n<td>[xyz]<\/td>\n<td>Uncertain reading,<br \/>\n               text hard to decipher<\/td>\n<\/tr>\n<tr>\n<td>[\u2026]<\/td>\n<td>Illegible text. The number of dots<br \/>\n               indicates the (estimated) number of characters missing<\/td>\n<\/tr>\n<tr>\n<td>\u2020\u2020\u2020<\/td>\n<td>Deleted<br \/>\n               text. The number of crosses indicates the (estimated) number of characters<br \/>\n               missing<\/td>\n<\/tr>\n<tr>\n<td>[\u2020]<\/td>\n<td>Place holder for deleted, non-reconstructable<br \/>\n               passages (<span class=\"italic\">without<\/span> indication of estimated number<br \/>\n               of characters missing)<\/td>\n<\/tr>\n<tr>\n<td>&#8211; &#8211; &#8211;<\/td>\n<td>Space left blank intentionally within a line in the ms.<\/td>\n<\/tr>\n<tr>\n<td>[!]<\/td>\n<td>sic<\/td>\n<\/tr>\n<tr>\n<td>|<\/td>\n<td>Line break<\/td>\n<\/tr>\n<tr>\n<td>[BK 139 c. 1]<\/td>\n<td>Reference to the<br \/>\n               Boretius\/Krause edition<\/td>\n<\/tr>\n<tr>\n<td>[fol. 123r], [p. 123]<\/td>\n<td>Page break<br \/>\n               (fol. or p.) or column break in the ms.<\/td>\n<\/tr>\n<tr>\n<td>\n<div class=\"glossa-nota-wrapper\">\n<div class=\"glossa\"><\/div>\n<\/p><\/div>\n<\/td>\n<td>Glossation<\/td>\n<\/tr>\n<tr>\n<td>\n<div class=\"glossa-nota-wrapper\">\n<div class=\"nota\"><\/div>\n<\/p><\/div>\n<\/td>\n<td>Annotation signs (e.g. nota signs)<\/td>\n<\/tr>\n<\/table>\n<div class=\"hr\"><\/div>\n<\/p><\/div>\n<div class=\"citation\">\n<h5>How to cite<\/h5>\n<div><span class=\"title\">Reims, Biblioth\u00e8que Carnegie &#8211; Biblioth\u00e8que municipale, 672<\/span>,<\/p>\n<p>         <br \/>\n         in: Capitularia. Edition of the Frankish Capitularies,<br \/>\n         ed. by Karl Ubl and collaborators, Cologne 2014 ff.<br \/>\n         URL: https:\/\/capitularia.uni-koeln.de\/en\/mss\/reims-bm-672\/ (accessed on May 1, 2026)<br \/>\n         \n         <\/p><\/div>\n<\/p><\/div>\n<div class=\"hr\"><\/div>\n<div id=\"downloads\">\n<h5>Downloads<\/h5>\n<ul class=\"downloads\">\n<li class=\"download-icon\"><a class=\"screen-only ssdone\" href=\"\/cap\/publ\/mss\/reims-bm-672.xml\" title='&#091;:de&#093;Rechtsklick zum \"Speichern unter\"&#091;:en&#093;right button click to save file&#091;:&#093;'>File in XML<\/a>\n<div class=\"print-only\">File in XML \/cap\/publ\/mss\/reims-bm-672.xml<\/div>\n<\/li>\n<\/ul><\/div>\n<div class=\"hr\"><\/div>\n<div class=\"tei-revisionDesc\">\n<h5>Revision history<\/h5>\n<table>\n<thead>\n<tr>\n<th class=\"col-1\">Date<\/th>\n<th>Change<\/th>\n<\/tr>\n<\/thead>\n<tbody>\n<tr>\n<td class=\"col1\">2022-03-15<\/td>\n<td>Datei ver\u00f6ffentlicht (BK 221)<\/td>\n<\/tr>\n<\/tbody>\n<\/table><\/div>\n<\/div>\n<\/div>\n<p><\/p>","protected":false},"excerpt":{"rendered":"","protected":false},"author":8,"featured_media":0,"parent":58,"menu_order":0,"comment_status":"closed","ping_status":"closed","template":"","meta":{"inline_featured_image":false,"footnotes":""},"categories":[],"tags":[8],"class_list":["post-30446","page","type-page","status-publish","hentry","tag-xml"],"_links":{"self":[{"href":"https:\/\/capitularia.uni-koeln.de\/en\/wp-json\/wp\/v2\/pages\/30446","targetHints":{"allow":["GET"]}}],"collection":[{"href":"https:\/\/capitularia.uni-koeln.de\/en\/wp-json\/wp\/v2\/pages"}],"about":[{"href":"https:\/\/capitularia.uni-koeln.de\/en\/wp-json\/wp\/v2\/types\/page"}],"author":[{"embeddable":true,"href":"https:\/\/capitularia.uni-koeln.de\/en\/wp-json\/wp\/v2\/users\/8"}],"replies":[{"embeddable":true,"href":"https:\/\/capitularia.uni-koeln.de\/en\/wp-json\/wp\/v2\/comments?post=30446"}],"version-history":[{"count":0,"href":"https:\/\/capitularia.uni-koeln.de\/en\/wp-json\/wp\/v2\/pages\/30446\/revisions"}],"up":[{"embeddable":true,"href":"https:\/\/capitularia.uni-koeln.de\/en\/wp-json\/wp\/v2\/pages\/58"}],"wp:attachment":[{"href":"https:\/\/capitularia.uni-koeln.de\/en\/wp-json\/wp\/v2\/media?parent=30446"}],"wp:term":[{"taxonomy":"category","embeddable":true,"href":"https:\/\/capitularia.uni-koeln.de\/en\/wp-json\/wp\/v2\/categories?post=30446"},{"taxonomy":"post_tag","embeddable":true,"href":"https:\/\/capitularia.uni-koeln.de\/en\/wp-json\/wp\/v2\/tags?post=30446"}],"curies":[{"name":"wp","href":"https:\/\/api.w.org\/{rel}","templated":true}]}}